{"id":120,"date":"2022-03-24T17:42:21","date_gmt":"2022-03-24T16:42:21","guid":{"rendered":"http:\/\/test.wiecki-immobilien.de\/?page_id=120"},"modified":"2022-03-24T17:52:50","modified_gmt":"2022-03-24T16:52:50","slug":"datenschutz","status":"publish","type":"page","link":"http:\/\/www.wiecki-immobilien.de\/?page_id=120","title":{"rendered":"Datenschutzerkl\u00e4rung"},"content":{"rendered":"[et_pb_section fb_built=&#8220;1&#8243; admin_label=&#8220;section&#8220; _builder_version=&#8220;4.15&#8243; hover_enabled=&#8220;0&#8243; global_colors_info=&#8220;{}&#8220; sticky_enabled=&#8220;0&#8243;][et_pb_row admin_label=&#8220;row&#8220; _builder_version=&#8220;4.15&#8243; background_size=&#8220;initial&#8220; background_position=&#8220;top_left&#8220; background_repeat=&#8220;repeat&#8220; hover_enabled=&#8220;0&#8243; global_colors_info=&#8220;{}&#8220; sticky_enabled=&#8220;0&#8243;][et_pb_column type=&#8220;4_4&#8243; _builder_version=&#8220;4.15&#8243; custom_padding=&#8220;|||&#8220; global_colors_info=&#8220;{}&#8220; custom_padding__hover=&#8220;|||&#8220;][et_pb_text admin_label=&#8220;Text&#8220; _builder_version=&#8220;4.15.1&#8243; text_text_color=&#8220;#000000&#8243; header_text_color=&#8220;#000000&#8243; background_size=&#8220;initial&#8220; background_position=&#8220;top_left&#8220; background_repeat=&#8220;repeat&#8220; global_colors_info=&#8220;{}&#8220;]<p><\/p>\n<h2 class=\"wp-block-heading\"><\/h2>\n<h2><\/h2>\n<h2><\/h2>\n<h2>Datenschutzerkl\u00e4rung<\/h2>\n<h2><\/h2>\n<h2><\/h2>\n<h2><\/h2>\n<h2><\/h2>\n<h2>Allgemeines<\/h2>\n<p><\/p>\n<p>Die Einhaltung der Datenschutzgesetze ist f\u00fcr uns nicht nur gesetzliche Pflicht, sondern auch ein wichtiger Vertrauensfaktor. Mit den nachfolgenden Datenschutzbestimmungen m\u00f6chten wir Sie deshalb transparent \u00fcber Art, Umfang und Zweck der von Ihnen erhobenen und verarbeiteten personenbezogenen Daten innerhalb dieses Internetauftritts sowie Ihre Rechte informieren.<\/p>\n<p><\/p>\n<p><\/p>\n<h2 class=\"wp-block-heading\">Verantwortlichkeit f\u00fcr die Datenverarbeitung<\/h2>\n<p><\/p>\n<p>Michael Wiecki, Venloer Stra\u00dfe 145, 50259 Pulheim, Telefon 02238 963091 (im Folgenden: \u201ewir\u201c) ist als Betreiber der Website <a href=\"https:\/\/nam12.safelinks.protection.outlook.com\/?url=http%3A%2F%2Fwww.wiecki-immobilien.de%2F&amp;data=04%7C01%7C%7C4b2ac5c1f8cb4676c8aa08da044d1464%7C84df9e7fe9f640afb435aaaaaaaaaaaa%7C1%7C0%7C637827026415738650%7CUnknown%7CTWFpbGZsb3d8eyJWIjoiMC4wLjAwMDAiLCJQIjoiV2luMzIiLCJBTiI6Ik1haWwiLCJXVCI6Mn0%3D%7C3000&amp;sdata=FLhK%2BiWnio6kDlK%2B06SJoz568LGrwoLXBGHnKPBQEwA%3D&amp;reserved=0\">www.wiecki-immobilien.de<\/a> Verantwortlicher gem. Art. 4 Abs. Nr. 7 der EU-Datenschutz-Grundverordnung (DSGVO). Bei Fragen k\u00f6nnen Sie sich an\u00a0<a href=\"mailto:kontakt@wiecki-immobilien.de\">kontakt@wiecki-immobilien.de<\/a>\u00a0wenden.<\/p>\n<p><\/p>\n<p><\/p>\n<h2 class=\"wp-block-heading\">Datenschutzbeauftragter<\/h2>\n<p><\/p>\n<p>Gem\u00e4\u00df Art. 37 DSGVO i.V.m. \u00a738 BDSG sind wir nicht verpflichtet, einen Datenschutzbeauftragten zu bestellen. Bei Fragen zum Datenschutz und zur Geltendmachung Ihrer im folgenden genannten Rechte k\u00f6nnen Sie sich aber selbstverst\u00e4ndlich jederzeit \u00fcber die oben angegebenen Kontaktdaten an uns wenden.<\/p>\n<p><\/p>\n<p><\/p>\n<h2 class=\"wp-block-heading\">Betroffenenrechte<\/h2>\n<p><\/p>\n<p><\/p>\n<h3 class=\"wp-block-heading\">Ihre Rechte als betroffene Person<\/h3>\n<p><\/p>\n<p>Als betroffene Person haben Sie uns gegen\u00fcber folgende Rechte hinsichtlich Ihrer personenbezogenen Daten. Sie haben:<\/p>\n<p><\/p>\n<p><\/p>\n<ol class=\"wp-block-list\" type=\"1\">\n<li>Ein\u00a0<strong>Recht auf Auskunft<\/strong>\u00a0unter anderem \u00fcber die Kategorien der verarbeiteten Daten, der Verarbeitungszwecke, die Speicherdauer sowie etwaige Empf\u00e4nger, gem\u00e4\u00df Art. 15 DSGVO und \u00a734 BDSG.<\/li>\n<li>Ein\u00a0<strong>Recht auf Berichtigung oder L\u00f6schung<\/strong>\u00a0unrichtiger bzw. unvollst\u00e4ndiger Daten, gem\u00e4\u00df Art. 16 und 17 DSGVO und \u00a735 BDSG.<\/li>\n<li>Unter den Voraussetzungen des Art. 18 DSGVO oder \u00a735 Abs. 1 S. 2 BDSG ein\u00a0<strong>Recht auf Einschr\u00e4nkung der Verarbeitung<\/strong>.<\/li>\n<li>Ein\u00a0<strong>Recht auf Widerspruch<\/strong>\u00a0gegen die Verarbeitung gem\u00e4\u00df Art. 21 Abs. 1 DSGVO, soweit die Datenverarbeitung aufgrund eines berechtigten Interesses erfolgte.<\/li>\n<li>Ein\u00a0<strong>Recht auf Widerruf<\/strong>\u00a0einer abgegebenen Einwilligung mit Wirkung f\u00fcr die Zukunft gem\u00e4\u00df Art. 7 Abs. 3 DSGVO.<\/li>\n<li>Ein\u00a0<strong>Recht auf Daten\u00fcbertragbarkeit<\/strong>\u00a0in einem g\u00e4ngigen Format gem\u00e4\u00df Art. 20 DSGVO.<\/li>\n<li>Sie haben gem\u00e4\u00df Art. 22 DSGVO ein Recht darauf, nicht einer ausschlie\u00dflich auf einer automatisierten Verarbeitung beruhenden Entscheidung unterworfen zu werden, die Ihnen gegen\u00fcber rechtliche Wirkung entfaltet oder Sie in \u00e4hnlicher Weise erheblich beeintr\u00e4chtigt. Dies umfasst auch Profiling im Sinne des Art. 4 Nr. 4 DSGVO.<\/li>\n<li>Sie haben zudem das Recht, sich gem\u00e4\u00df Art. 77 DSGVO bei einer\u00a0<strong>Datenschutz-Aufsichtsbeh\u00f6rde<\/strong>\u00a0\u00fcber die Verarbeitung Ihrer personenbezogenen Daten durch uns zu beschweren, insbesondere in dem Mitgliedstaat Ihres gew\u00f6hnlichen Aufenthaltsorts, Ihres Arbeitsplatzes oder des Orts des mutma\u00dflichen Versto\u00dfes.<\/li>\n<\/ol>\n<p><\/p>\n<p><\/p>\n<h3 class=\"wp-block-heading\">Verfahren<\/h3>\n<p><\/p>\n<p>Wenn Sie Ihre Rechte nach der DSGVO und dem BDSG uns gegen\u00fcber geltend machen, werden wir die von Ihnen dabei an uns \u00fcbermittelten Daten verarbeiten, um Ihren Anspruch zu erf\u00fcllen. Im Anschluss speichern wir die von Ihnen an uns \u00fcbermittelten Daten und die von uns an Sie im Gegenzug \u00fcbermittelten Daten zum Zwecke der Dokumentation bis zum Ablauf der ordnungswidrigkeitenrechtlichen Verj\u00e4hrungsfrist (3 Jahre). Die Rechtsgrundlage f\u00fcr die Speicherung der Daten ist Art. 6 Abs. 1 S. 1 Buchstabe f) DSGVO (Berechtigtes Interesse an der Datenverarbeitung). Das berechtigte Interesse ergibt sich aus unserer Verpflichtung Ihrem Anliegen nachzukommen und dem Bedarf, uns in einem m\u00f6glichen Bu\u00dfgeldverfahren entlasten zu k\u00f6nnen, indem wir nachweisen, dass wir Ihrem Anliegen ordnungsgem\u00e4\u00df nachgekommen sind.<\/p>\n<p><\/p>\n<p>Der Verarbeitung Ihrer Daten auf Grundlage unseres berechtigten Interesses k\u00f6nnen Sie jederzeit unter den Voraussetzungen des Art. 21 DSGVO widersprechen. Nutzen Sie hierf\u00fcr bitte die im Impressum genannten Kontaktdaten. Wir weisen aber darauf hin, dass die Verarbeitung Ihrer Daten zum Nachweis der Einhaltung der Betroffenenrechte zwingend im Sinne des Art. 21 Abs. 1 DSGVO ist, da andere Nachweism\u00f6glichkeiten nicht bestehen bzw. nicht gleicherma\u00dfen geeignet sind.<\/p>\n<p><\/p>\n<p><\/p>\n<h2 class=\"wp-block-heading\">Datenschutzma\u00dfnahmen<\/h2>\n<p><\/p>\n<p>Wir sichern unsere Website und sonstigen Systeme \u2013 und damit auch Ihre Daten \u2013 durch technische und organisatorische Ma\u00dfnahmen gegen Verlust, Zerst\u00f6rung, Zugriff, Ver\u00e4nderung oder Verbreitung durch unbefugte Per\u00adsonen ab. Insbesondere werden Ihre pers\u00f6nlichen Daten verschl\u00fcsselt durch das Internet \u00fcbertragen. Wir bedienen uns dabei des Codierungssystems TLS (Transport Layer Security).<br \/>Jedoch ist die \u00dcbertragung von Informationen \u00fcber das Internet nie vollst\u00e4ndig sicher, weshalb wir die Sicherheit der von unserer Website \u00fcbermittelten Daten nicht zu 100% garantieren k\u00f6nnen.<\/p>\n<p><\/p>\n<p><\/p>\n<h2 class=\"wp-block-heading\">Modalit\u00e4ten der Datenverarbeitung<\/h2>\n<p><\/p>\n<p><\/p>\n<h3 class=\"wp-block-heading\">Quellen und Kategorien von personenbezogenen Daten<\/h3>\n<p><\/p>\n<p>Wir verarbeiten Ihre personenbezogenen Daten, soweit sie f\u00fcr die Begr\u00fcndung, inhaltliche Ausgestaltung oder \u00c4nderung eines Vertragsverh\u00e4ltnisses zwischen uns und Ihnen erforderlich sind (Bestandsdaten). Bestandsdaten k\u00f6nnen insbesondere sein: Name, Anrede, Kontaktdaten (Postadresse, Telefon, E-Mail-Adresse), Geburts\u00addatum usw.<\/p>\n<p><\/p>\n<p>Ferner verarbeiten wir Ihre Nutzungsdaten. Nutzungsdaten sind Daten, die durch Ihr Verhalten bei der Nutzung unseres Webangebots und unserer Dienste anfallen, insbesondere Ihre IP-Adresse, Beginn und Ende Ihres Besuchs auf unserer Webseite und Informationen dar\u00fcber, welche Inhalte Sie auf unserer Webseite abgerufen haben.<\/p>\n<p><\/p>\n<p>Die genannten Daten erheben wir entweder direkt bei Ihnen (z.B. durch den Besuch der Webseite) oder, soweit dies nach den Datenschutzgesetzen zul\u00e4ssig ist, bei Dritten bzw. aus \u00f6ffentlich zug\u00e4nglichen Quellen (z.B. Handels- und Vereinsregister, Presse, Medien, Internet).<\/p>\n<p><\/p>\n<p><\/p>\n<h3 class=\"wp-block-heading\">Daten\u00fcbermittlung an Drittstaaten au\u00dferhalb der EU<\/h3>\n<p><\/p>\n<p>Alle Informationen, die wir von Ihnen oder \u00fcber Sie erhalten, werden grunds\u00e4tzlich auf Servern innerhalb der Europ\u00e4ischen Union verarbeitet. Eine \u00dcbermittlung Ihrer Daten an oder eine Verarbeitung Ihrer Daten in Drittstaaten erfolgt ohne Ihre ausdr\u00fcckliche Einwilligung lediglich, sofern dies gesetzlich vorgesehen oder gestattet ist, in dem Drittstaat ein hierf\u00fcr angemessenes Datenschutzniveau sichergestellt ist oder vertragliche Verpflichtungen durch sogenannte Standarddatenschutzklauseln der EU bestehen.<\/p>\n<p><\/p>\n<p>Bitte beachten Sie, dass es sich bei den USA um einen sogenannten unsicheren Drittstaat handelt. Es besteht bei einer \u00dcbermittlung von personenbezogenen Daten in die USA das Risiko, dass US-Sicherheitsbeh\u00f6rden im Rahmen des \u201eCloud-Acts\u201c auf diese Daten zugreifen k\u00f6nnen. Gegen diese Ma\u00dfnahmen stehen EU-B\u00fcrgern keine effektiven Rechtsschutzm\u00f6glichkeiten in den USA oder der EU zu.<\/p>\n<p><\/p>\n<p><\/p>\n<h3 class=\"wp-block-heading\">Weitergabe von Daten, Auftragsverarbeitung<\/h3>\n<p><\/p>\n<p>Wir geben Ihre personenbezogenen Daten niemals unberechtigt an Dritte weiter. Wir k\u00f6nnen Ihre Daten aber insbesondere an Dritte weitergeben, wenn Sie in die Datenweitergabe eingewilligt haben, wenn die Weitergabe zur Erf\u00fcllung unserer rechtlichen Verpflichtungen notwendig ist oder wenn wir aufgrund gesetzlicher Bestimmungen oder beh\u00f6rdlicher oder gerichtlicher Anordnungen zu einer Datenweitergabe berechtigt oder verpflichtet sind. Dabei kann es sich insbesondere um die Auskunftserteilung f\u00fcr Zwecke der Strafverfolgung, zur Gefahrenabwehr oder zur Durchsetzung geistiger Eigentumsrechte handeln.<\/p>\n<p><\/p>\n<p>Unter Umst\u00e4nden \u00fcbermitteln wir Ihre Daten au\u00dferdem an externe Dienstleister, die Daten in unserem Auftrag und nach unserer Weisung verarbeiten (Auftragsverarbeiter), um unsere eigene Datenverarbeitung zu vereinfachen oder zu entlasten. Jeder Auftragsverarbeiter wird durch einen Vertrag nach Ma\u00dfgabe des Art. 28 DSGVO verpflichtet. Das hei\u00dft insbesondere, dass der Auftragsverarbeiter hinreichend Garantien daf\u00fcr zu bieten hat, dass durch ihn geeignete technische und organisatorische Ma\u00dfnahmen so durchgef\u00fchrt werden, dass die Verarbeitung im Einklang mit den Anforderungen der DSGVO erfolgt und der Schutz Ihrer Rechte als betroffene Person gew\u00e4hrleistet ist. Trotz Beauftragung von Auftragsverarbeitern bleiben wir f\u00fcr die Verarbeitung Ihrer personenbezogenen Daten die verantwortliche Stelle im Sinne der Datenschutzgesetze.<\/p>\n<p><\/p>\n<p><\/p>\n<h3 class=\"wp-block-heading\">Zweck der Datenverarbeitung<\/h3>\n<p><\/p>\n<p>Wir nutzen die Daten grunds\u00e4tzlich nur zu dem Zweck, zu dem die Daten von Ihnen erhoben wurden. Wir k\u00f6nnen die Daten zu einem anderen Zweck weiterverarbeiten, wenn nicht dieser andere Zweck mit dem urspr\u00fcnglichen Zweck unvereinbar ist (Art. 5 Abs. 1 Lit. c) DSGVO).<\/p>\n<p><\/p>\n<p><\/p>\n<h3 class=\"wp-block-heading\">Speicherdauer<\/h3>\n<p><\/p>\n<p>Soweit im Einzelnen nichts anderes angegeben ist, speichern wir von Ihnen erhobene Daten nur so lange, wie es f\u00fcr den jeweiligen Zweck erforderlich ist, es sei denn es stehen gesetzliche Aufbewahrungspflichten der L\u00f6schung entgegen, z.B. aus dem Handelsrecht oder dem Steuerrecht.<\/p>\n<p><\/p>\n<p><\/p>\n<h2 class=\"wp-block-heading\">Einzelne Verarbeitungst\u00e4tigkeiten<\/h2>\n<p><\/p>\n<p>Wir m\u00f6chten Ihnen im Folgenden so transparent wie m\u00f6glich darstellen, welche Daten wir von Ihnen zu welcher Gelegenheit, auf welcher Grundlage und zu welchem Zweck verarbeiten.<\/p>\n<p><\/p>\n<p><\/p>\n<h3 class=\"wp-block-heading\">Server-Log-Dateien<\/h3>\n<p><\/p>\n<p>Bei jedem Aufruf einer Webseite und bei jedem Abruf von Daten von einem Server werden allgemeine Informationen automatisch an den bereitstellenden Server \u00fcbermittelt. Diese Daten\u00fcbermittlung erfolgt automatisch und ist ein grundlegender Bestandteil der Kommunikation zwischen Ger\u00e4ten im Internet.<br \/>Die standardm\u00e4\u00dfig \u00fcbertragenen Daten umfassen unter anderem folgende Informationen: Ihre IP-Adresse, Produkt- und Versionsinformationen \u00fcber den verwendeten Browser und das Betriebssystem (sog. user agent), die Internetseite von welcher Ihr Zugriff stattfand (sog. referer), Datum und Uhrzeit der Anfrage (sog. timestamp). Au\u00dferdem werden der http-Status und die \u00fcbertragene Datenmenge im Rahmen dieser Anfrage erfasst.<br \/>Diese Informationen werden vom Server protokolliert, in einer Tabelle abgelegt und dort kurzfristig gespeichert (sog. Server-Log-Dateien). Durch die Analyse dieser Log-Dateien k\u00f6nnen wir Fehler der Webseite feststellen und anschlie\u00dfend beseitigen, die Auslastung der Webseite zu bestimmten Zeiten feststellen und darauf aufbauend Anpassungen oder Verbesserungen vornehmen sowie die Sicherheit des Servers gew\u00e4hrleisten, indem wir nachvollziehen k\u00f6nnen, von welcher IP-Adresse Angriffe auf unseren Server ausgef\u00fchrt wurden.<br \/>Ihre IP-Adresse wird nur f\u00fcr die Zeit Ihrer Nutzung der Webseite gespeichert und im Anschluss daran unverz\u00fcglich gel\u00f6scht oder durch K\u00fcrzung teilweise unkenntlich gemacht. Die \u00fcbrigen Daten werden f\u00fcr eine begrenzte Zeitdauer (meist 7 Tage) gespeichert.<br \/>Die Rechtsgrundlage f\u00fcr die Nutzung der Server-Log-Dateien ist Art. 6 Abs. 1 S. 1 Buchstabe f) DSGVO (Berechtigtes Interesse an der Datenverarbeitung). Das berechtigte Interesse ergibt sich aus der Notwendigkeit f\u00fcr den Betrieb und die Wartung unserer Webseite, wie wir vorstehend erl\u00e4utert haben. Der Verarbeitung Ihrer Daten auf Grundlage unseres berechtigten Interesses k\u00f6nnen Sie jederzeit unter den Voraussetzungen des Art. 21 DSGVO widersprechen. Nutzen Sie hierf\u00fcr bitte die im Impressum genannten Kontaktdaten. Wir weisen aber bereits im Vorfeld darauf hin, dass die Verarbeitung Ihrer Daten in Server-Log-Dateien zwingend im Sinne des Art. 21 Abs. 1 DSGVO ist, da die Webseite ansonsten \u00fcberhaupt nicht betrieben werden kann.<\/p>\n<p><\/p>\n<p><\/p>\n<h3 class=\"wp-block-heading\">Kontaktaufnahme<\/h3>\n<p><\/p>\n<p>Unsere Webseite bietet M\u00f6glichkeiten an, direkt mit uns in Kontakt zu treten.\u00a0<strong>Durch die Kontaktaufnahme erkl\u00e4ren Sie sich mit der Verarbeitung und Speicherung Ihrer \u00fcbermittelten Daten (insbesondere Ihrer E-Mailadresse) zur Bearbeitung Ihres Anliegens einverstanden.<\/strong>\u00a0Dieser Verarbeitung k\u00f6nnen Sie jederzeit mit Wirkung f\u00fcr die Zukunft widersprechen. Nutzen Sie hierf\u00fcr bitte unsere Kontaktdaten im Impressum. Beachten Sie aber, dass wir Ihr Anliegen dann nicht mehr bearbeiten werden.<br \/>Die von Ihnen an uns \u00fcbermittelten Daten verarbeiten wir ausschlie\u00dflich bis zur Erreichung des jeweiligen Zwecks Ihrer Kontaktaufnahme, es sei denn, dass gesetzliche Aufbewahrungsfristen entgegenstehen. Wenn Zweck Ihrer Kontaktaufnahme die Geltendmachung von Betroffenenrechten ist, gilt das im Abschnitt \u201eIhre Rechte als betroffene Person\u201c Gesagte.<br \/>Die Rechtsgrundlage f\u00fcr die Nutzung der von Ihnen durch die Kontaktaufnahme an uns \u00fcbermittelten Daten ist Art. 6 Abs. 1 S. 1 Buchstabe a) DSGVO (Einwilligung der betroffenen Person). Ihre Einwilligung k\u00f6nnen Sie jederzeit mit Wirkung f\u00fcr die Zukunft widerrufen. Nutzen Sie hierf\u00fcr bitte die im Impressum genannten Kontaktdaten.<\/p>\n<p><\/p>\n<p><\/p>\n<h3 class=\"wp-block-heading\" id=\"dse_cookies\">Cookies<\/h3>\n<p><\/p>\n<p>Wir benutzen zur Verbesserung der Nutzerfreundlichkeit auf unserer Webseite sogenannte \u201eCookies\u201c.<\/p>\n<p><\/p>\n<p><\/p>\n<h4 class=\"wp-block-heading\">Was Cookies sind<\/h4>\n<p><\/p>\n<p>Sehr vereinfacht gesagt ist ein Cookie eine kleine Textdatei, die Daten \u00fcber besuchte Webseiten speichert. Cookies k\u00f6nnen in vielfacher Weise eingesetzt werden. Sie k\u00f6nnen zum Beispiel eine Art \u201eBenutzerprofil\u201c speichern, also Dinge wie Ihre bevorzugte Sprache und andere Seiteneinstellungen, die von unserer Webseite ben\u00f6tigt werden, um Ihnen bestimmte Dienste anbieten zu k\u00f6nnen. Die Cookie-Datei wird auf Ihrem Endger\u00e4t gespeichert und kann auch dabei helfen, Sie bei einem erneuten Aufruf unserer Webseite wiederzuerkennen. Unter Umst\u00e4nden k\u00f6nnen wir durch die Cookies au\u00dferdem Informationen \u00fcber Ihre bevorzugten Aktivit\u00e4ten auf unserer Webseite erhalten und unsere Webseite so an Ihren individuellen Interessen ausrichten oder sogar die Geschwindigkeit der Navigation auf unserer Webseite erh\u00f6hen.<\/p>\n<p><\/p>\n<p><\/p>\n<h4 class=\"wp-block-heading\">Wie Sie Cookies vermeiden k\u00f6nnen<\/h4>\n<p><\/p>\n<p>Sie k\u00f6nnen die Cookies in den Sicherheitseinstellungen Ihres Browsers jederzeit manuell l\u00f6schen. Sie k\u00f6nnen die Speicherung von Cookies aber auch durch eine entsprechende Einstellung Ihres Browsers von vornherein verhindern. Bitte beachten Sie aber, dass Sie dann m\u00f6glicherweise nicht s\u00e4mtliche Funktionen unserer Webseite vollumf\u00e4nglich nutzen k\u00f6nnen oder dass es gegebenenfalls zu Fehlern in der Darstellung und Nutzung der Webseite kommen kann.<\/p>\n<p><\/p>\n<p><\/p>\n<h4 class=\"wp-block-heading\">Cookies von Drittanbietern<\/h4>\n<p><\/p>\n<p>Es ist m\u00f6glich, dass Drittanbieter, mithilfe derer wir unsere Seite gestalten und betreiben, insbesondere durch sogenannte Plugins (siehe unten im Abschnitt \u201eDienste Dritter\u201c), selbst\u00e4ndig eigene Cookies auf Ihrem Endger\u00e4t speichern. Sollten Sie nur unsere eigenen Cookies, nicht aber Cookies dieser Dritten, akzeptieren wollen, k\u00f6nnen Sie die Speicherung dieser Cookies durch die entsprechende Browsereinstellung \u201eCookies von Drittanbietern blockieren\u201d verhindern.<\/p>\n<p><\/p>\n<p><\/p>\n<h4 class=\"wp-block-heading\">Welche Cookies eingesetzt werden<\/h4>\n<p><\/p>\n<p>Im Einzelnen setzt unsere Webseite folgende Cookies:<\/p>\n<p><\/p>\n<p><\/p>\n<ol class=\"wp-block-list\" type=\"1\">\n<li>Session-Cookies (zu Deutsch: Sitzungs-Cookies): Diese enthalten eine Identifikationsnummer, mit welcher sich verschiedene Anfragen Ihres Browsers zu einer Sitzung zuordnen lassen. Dadurch kann Ihr Rechner wiedererkannt werden, wenn Sie auf unsere Website zur\u00fcckkehren. Die Session-Cookies werden automatisiert gel\u00f6scht, wenn Sie den Browser schlie\u00dfen. Wir nutzen diese Art von Cookie, um elementare Funktionen dieser Website bereitzustellen, wie etwa den Schutz vor Spam-Versand \u00fcber Anfrage-Formulare. Au\u00dferdem nutzen wir Session-Cookies, um zu erkennen, wieviele Unterseiten der Homepage Sie aufrufen und wie lange Sie sich auf den Seiten aufhalten. Eine Zuordnung zu Ihnen als Person oder die Erstellung eines Nutzungsprofils \u00fcber einen l\u00e4ngeren Zeitraum als eine Browser-Sitzung ist dabei nicht m\u00f6glich. Wenn Sie die Erfassung Ihrer Daten zu Analyse-Zwecken (wie im Abschnitt \u201eAnalyse-Tools\u201c beschrieben) deaktivieren, speichern wir dies in einem Cookie, damit auch bei Ihrem n\u00e4chsten Besuch der Homepage dieser Dienst automatisch weiterhin deaktiviert ist. Dieser Cookie wird am 31.12.2099 automatisch gel\u00f6scht. Die Rechtsgrundlage hierf\u00fcr ist Art. 6 Abs. 1 S. 1 Buchstabe f) DSGVO (Berechtigtes Interesse an der Datenverarbeitung). Das berechtigte Interesse ergibt sich aus unserem Bedarf, Ihnen eine nutzerfreundliche Webseite anbieten zu k\u00f6nnen, sowie aus unserem Bedarf an einer anonymen Auswertung des Nutzungsverhaltens auf unserer Webseite zur nutzerorientierten Verbesserung der Gestaltung unseres Online-Angebots.<\/li>\n<li>Lesebest\u00e4tigung der Erstinformation: Vor der Darstellung bestimmter versicherungsbezogener Informationen sind wir gesetzlich verpflichtet, Sie \u00fcber unseren Status als Vermittler zu informieren. Dies geschieht in Form unserer Erstinformation, deren Download Sie durch Setzen eines Hakens best\u00e4tigen m\u00fcssen. Hierbei speichern wir in einem Cookie, dass die Best\u00e4tigung durch Sie erfolgt ist und die Erstinformation nicht erneut von Ihnen heruntergeladen werden muss.<\/li>\n<li>Cookie-Einstellungen: Um Sie transparent auf die Nutzung von Cookies durch uns hinzuweisen, wird am unteren Rand des Browserfensters ein Hinweis-Banner eingeblendet. Sie haben darin die M\u00f6glichkeit, selbst festzulegen, welche der nicht zwingend erforderlichen Cookies wir bei Ihrem Besuch auf der Website einsetzen d\u00fcrfen. Ihre Einstellungen hierzu werden f\u00fcr zuk\u00fcnftige Besuche auf dieser Website in mehreren Cookies gespeichert. Diese Cookies werden nach maximal einem Jahr automatisch gel\u00f6scht.<\/li>\n<li>Gewinnspiele, Tippspiele, etc: M\u00f6glicherweise ist auf einer der Unterseiten dieser Homepage ein Modul zur Teilnahme an einem Gewinnspiel, Tippspiel, o.\u00e4. eingebunden. Wenn Sie sich zur Teilnahme hierf\u00fcr registrieren, speichern wir in einem Cookie eine Identifikationsnummer, damit Sie beim n\u00e4chsten Besuch dieses Moduls automatisch wieder angemeldet sind und Ihre Daten nicht erneut eingeben m\u00fcssen. Dieser Cookie wir nach einem Jahr automatisch gel\u00f6scht.<\/li>\n<\/ol>\n<p><\/p>\n<p>Die Rechtsgrundlage f\u00fcr die Nutzung von Cookies, die f\u00fcr die Funktion der Webseite zwingend erforderlich sind (z.B. Warenkorb-Cookie, Session-Cookie) ist Art. 6 Abs. 1 S. 1 Buchstabe f) DSGVO (Berechtigtes Interesse an der Datenverarbeitung). Das berechtigte Interesse ergibt sich aus unserem Bedarf Ihnen eine funktionierende Webseite anbieten zu k\u00f6nnen. Cookies sind dazu erforderlich, weil sie ein integraler Bestandteil der aktuellen Internet-Technologie sind und ohne Cookies viele Funktionen aktueller Webseiten nicht zur Verf\u00fcgung st\u00fcnden. Wir ben\u00f6tigen daher Cookies, um Ihnen die Webseite auf Ihre Anfrage zur Verf\u00fcgung stellen zu k\u00f6nnen.<br \/>Der Verarbeitung Ihrer Daten auf Grundlage unseres berechtigten Interesses k\u00f6nnen Sie jederzeit unter den Voraussetzungen des Art. 21 DSGVO widersprechen. Nutzen Sie hierf\u00fcr bitte die im Impressum genannten Kontaktdaten.<br \/>Wir weisen aber darauf hin, dass die Verarbeitung Ihrer Daten in bestimmten Cookies zwingend im Sinne des Art. 21 Abs. 1 DSGVO ist, da die Webseite ansonsten \u00fcberhaupt nicht betrieben werden kann und wir technisch nicht die M\u00f6glichkeit haben, das Setzen von Cookies auf bestimmten individuellen Endger\u00e4ten zu unterbinden. Sie k\u00f6nnen das in Ihrem Browser aber m\u00f6glicherweise selbst tun. Werfen Sie f\u00fcr weitere Informationen hierzu bitte einen Blick in die Anleitung Ihres Browsers.<\/p>\n<p><\/p>\n<p>Die Rechtsgrundlage f\u00fcr die Nutzung von Cookies, die f\u00fcr die Funktion der Webseite nicht zwingend erforderlich sind, ist Art. 6 Abs. 1 S. 1 Buchstabe a) DSGVO (Einwilligung des Betroffenen). Wir bitten Sie beim ersten Aufruf der Webseite \u00fcber einen eingeblendeten Hinweistext um Ihr Einverst\u00e4ndnis zur Verwendung von nicht notwendigen Cookies. Ihre Einwilligung k\u00f6nnen Sie jederzeit mit Wirkung f\u00fcr die Zukunft widerrufen, indem Sie im Footer unter \u201eCookies\u201c Ihre Einstellungen \u00e4ndern oder in Ihrem Browser alle Cookies l\u00f6schen. Wie dies in Ihrem Browser funktioniert, k\u00f6nnen Sie der Anleitung des Browsers entnehmen.<\/p>\n<p><\/p>\n<p><\/p>\n<h3 class=\"wp-block-heading\">Newsletter<\/h3>\n<p><\/p>\n<p>Wir bieten Ihnen an, Sie regelm\u00e4\u00dfig \u00fcber unseren Newsletter auf dem Laufenden zu halten und Sie \u00fcber besondere Angebote zu informieren. Um sich f\u00fcr den Newsletter anzumelden, k\u00f6nnen Sie Ihre Email-Adresse in unsere Verteilerliste eintragen. Sie m\u00fcssen die Anmeldung dann nochmals best\u00e4tigen (Double-Opt-In-Verfahren). Wir nutzen die von Ihnen an uns \u00fcbermittelten Daten lediglich im Rahmen des Newsletter-Versands und geben diese nicht zu anderen Zwecken an Dritte weiter. Unser Newsletter verwendet sogenannte Web-Beacons oder Z\u00e4hlpixel zur Analyse Ihres Leseverhaltens. Z\u00e4hlpixel sind extrem kleine Bilddateien, welche in die Newsletter-E-Mail integriert werden und so eine Logdatei-Aufzeichnung sowie eine Logdatei-Analyse erlauben. Wenn Sie die Newsletter-Email \u00f6ffnen, so wird der Z\u00e4hlpixel vom Server des Newsletterdienstes geladen und gleichzeitig einige Informationen \u00fcber Sie \u00fcbermittelt, wie z.B. ob die E-Mail ge\u00f6ffnet wurde, den Zeitpunkt des Aufrufs sowie die dazugeh\u00f6rige IP-Adresse. Dar\u00fcber hinaus k\u00f6nnen Links in der E-Mail dar\u00fcber Aufschluss geben, welche Produkte interessanter \u2013 also h\u00e4ufiger geklickt wurden als andere \u2013 sind. Sowohl der jeweilige Web-Beacon\/Z\u00e4hlpixel, als auch die Links in der Email lassen sich der f\u00fcr den Versand verwendeten E-Mail-Adresse eindeutig zuzuweisen und lassen damit einen R\u00fcckschluss auf den jeweiligen Newsletterempf\u00e4nger zu. Die Rechtsgrundlage f\u00fcr die Nutzung Ihrer Email-Adresse ist Art. 6 Abs. 1 S. 1 Buchstabe a) DSGVO (Einwilligung der betroffenen Person). Ihre Einwilligung k\u00f6nnen Sie jederzeit mit Wirkung f\u00fcr die Zukunft widerrufen. Nutzen Sie hierf\u00fcr bitte den Link in jeder Newsletter-Email oder kontaktieren Sie uns \u00fcber die im Impressum genannten Kontaktdaten.<\/p>\n<p><\/p>\n<p><\/p>\n<h2 class=\"wp-block-heading\">Social-Media-Fanseiten<\/h2>\n<p><\/p>\n<p>Zus\u00e4tzlich zu unserer Webseite unterhalten wir Onlinepr\u00e4senzen auf sozialen Plattformen, um mit den dort aktiven Kunden, Interessenten und Nutzern kommunizieren und sie dort \u00fcber unsere Leistungen informieren zu k\u00f6nnen.<\/p>\n<p><\/p>\n<p>Wenn Sie unsere Pr\u00e4senz auf einer sozialen Plattform besuchen, werden Ihre Daten im Regelfall f\u00fcr unsere Marktforschungs- und Werbezwecke von dem jeweiligen Anbieter der Plattform verarbeitet. Der Anbieter kann die Daten auch f\u00fcr eigene Zwecke verarbeiten. Aus Ihrem Nutzungsverhalten und Ihrer sich daraus ergebenden Interessen k\u00f6nnen Nutzungsprofile erstellt werden. Diese Nutzungsprofile k\u00f6nnen wiederum verwendet werden, um z.B. Werbeanzeigen innerhalb und au\u00dferhalb der Plattformen zu schalten, die mutma\u00dflich Ihren Interessen entsprechen. Zu diesen Zwecken werden im Regelfall Cookies (siehe oben) auf Ihrem Endger\u00e4t gespeichert, in denen Ihr Nutzungsverhalten und Ihre Interessen gespeichert werden. Insbesondere wenn Sie Mitglied der jeweiligen Plattformen sind und bei diesen eingeloggt sind, k\u00f6nnen in den Nutzungsprofilen noch zus\u00e4tzliche Daten unabh\u00e4ngig gespeichert werden. F\u00fcr eine detaillierte Darstellung der jeweiligen Datenverarbeitung und der Widerspruchsm\u00f6glichkeiten, verweisen wir auf die nachfolgend verlinkten Angaben der Anbieter, da nur diese die genauen Abl\u00e4ufe ihrer Datenverarbeitung kennen.<\/p>\n<p><\/p>\n<p>Wir weisen darauf hin, dass Ihre Daten auch au\u00dferhalb der Europ\u00e4ischen Union verarbeitet werden k\u00f6nnen. Hierdurch k\u00f6nnen sich Risiken ergeben, weil so z.B. die Durchsetzung Ihrer Rechte erschwert werden k\u00f6nnte.<\/p>\n<p><\/p>\n<p>Die Rechtsgrundlage f\u00fcr die Nutzung der Onlinepr\u00e4senzen und der damit verbundenen Datenverarbeitung ist im Allgemeinen Art. 6 Abs. 1 S. 1 Buchstabe f) DSGVO (Berechtigtes Interesse an der Datenverarbeitung). Das berechtigte Interesse ergibt sich aus unserem Bedarf, uns den Besuchern und Nutzern der sozialen Netzwerke zu pr\u00e4sentieren und \u00c4u\u00dferungen aller Art in den Medien- und Meinungsmarkt einzubringen. Der Verarbeitung Ihrer Daten auf Grundlage unseres berechtigten Interesses k\u00f6nnen Sie jederzeit unter den Voraussetzungen des Art. 21 DSGVO widersprechen. Nutzen Sie hierf\u00fcr bitte die im Impressum genannten Kontaktdaten.<br \/>Die Nutzung von statistischen Daten aller Besucher unserer Social-Media-Webpr\u00e4senzen, die f\u00fcr uns von den jeweiligen Seitenbetreibern erhoben, aufbereitet und zur Verf\u00fcgung gestellt werden, beruht auf Art. 6 Abs. 1 S. 1 Buchstabe f) DSGVO (Berechtigtes Interesse an der Datenverarbeitung). Das berechtigte Interesse ergibt sich aus unserem Bedarf an einer anonymen Auswertung des Besuchs- und Nutzungsverhaltens auf unseren Webpr\u00e4senzen zur nutzungsorientierten Verbesserung der Gestaltung unseres Online-Angebots und der Optimierung unserer Kommunikation mit Interessenten. Der Verarbeitung Ihrer Daten auf Grundlage unseres berechtigten Interesses k\u00f6nnen Sie jederzeit unter den Voraussetzungen des Art. 21 DSGVO widersprechen. Nutzen Sie hierf\u00fcr bitte die im Impressum genannten Kontaktdaten.<br \/>Falls Sie von den jeweiligen Anbietern um eine Einwilligung in die Datenverarbeitung gebeten werden, ist die Rechtsgrundlage f\u00fcr die Verarbeitung Art. 6 Abs. 1 S. 1 Buchstabe a) DSGVO (Einwilligung der betroffenen Person). Diese Einwilligung k\u00f6nnen Sie jederzeit mit Wirkung f\u00fcr die Zukunft widerrufen. Kontaktieren Sie hierf\u00fcr bitte den Anbieter, der Sie um Ihre Einwilligung gebeten hat.<\/p>\n<p><\/p>\n<p>F\u00fcr den Fall, dass Sie Ihre oben genannten Rechte geltend machen wollen, weisen wir darauf hin, dass diese trotz eventueller gemeinsamer Verantwortlichkeit am effektivsten bei den Anbietern geltend gemacht werden k\u00f6nnen. In der Regel haben nur die Anbieter unmittelbaren Zugriff auf Ihre Daten und k\u00f6nnen direkt entsprechende Ma\u00dfnahmen ergreifen und Ausk\u00fcnfte geben. Sollten Sie dennoch Hilfe ben\u00f6tigen, dann k\u00f6nnen Sie sich an uns wenden und wir werden Sie jederzeit im Rahmen unserer M\u00f6glichkeiten unterst\u00fctzen.<\/p>\n<p><\/p>\n<p>Wir sind vertreten auf:<\/p>\n<p><\/p>\n<p><\/p>\n<h3 class=\"wp-block-heading\">Facebook<\/h3>\n<p><\/p>\n<p>Facebook ist ein soziales Netzwerk der Facebook Ireland Ltd., 4 Grand Canal Square, Grand Canal Harbour, Dublin 2, Irland. Die Firma Facebook Ireland Ltd. ist die europ\u00e4ische Tochter der Firma Facebook Inc., 1601 Willow Road, Menlo Park, California 94025, USA.<br \/>Weitere Informationen zum Datenschutz bei Facebook finden Sie unter:\u00a0<a href=\"https:\/\/nam12.safelinks.protection.outlook.com\/?url=https%3A%2F%2Fwww.facebook.com%2Fabout%2Fprivacy%2F&amp;data=04%7C01%7C%7C4b2ac5c1f8cb4676c8aa08da044d1464%7C84df9e7fe9f640afb435aaaaaaaaaaaa%7C1%7C0%7C637827026415738650%7CUnknown%7CTWFpbGZsb3d8eyJWIjoiMC4wLjAwMDAiLCJQIjoiV2luMzIiLCJBTiI6Ik1haWwiLCJXVCI6Mn0%3D%7C3000&amp;sdata=7QBvXPq8auUf0xn3HReCg6Kw2cbqp3TIzXJS8AMSj1g%3D&amp;reserved=0\" target=\"_blank\" rel=\"noreferrer noopener\">https:\/\/www.facebook.com\/about\/privacy\/<\/a>. \u00dcber unsere eigene Datenverarbeitung informieren wir Sie in dieser Erkl\u00e4rung.<br \/>Wir haben mit Facebook im Rahmen unseres Nutzungsvertrages eine Zusatzvereinbarung geschlossen, die die Verantwortlichkeit f\u00fcr die Datenverarbeitung im Hinblick auf die Seiten-Insights-Funktion nach Art. 26 DSGVO regelt. Die Einzelheiten der Vereinbarung sind hier zu finden:\u00a0<a href=\"https:\/\/nam12.safelinks.protection.outlook.com\/?url=https%3A%2F%2Fwww.facebook.com%2Flegal%2Fterms%2Fpage_controller_addendum&amp;data=04%7C01%7C%7C4b2ac5c1f8cb4676c8aa08da044d1464%7C84df9e7fe9f640afb435aaaaaaaaaaaa%7C1%7C0%7C637827026415738650%7CUnknown%7CTWFpbGZsb3d8eyJWIjoiMC4wLjAwMDAiLCJQIjoiV2luMzIiLCJBTiI6Ik1haWwiLCJXVCI6Mn0%3D%7C3000&amp;sdata=sQzfAl9NcOuu6MPpsWsJYfq7XtCruQnLK59fZ8P1zuU%3D&amp;reserved=0\" target=\"_blank\" rel=\"noreferrer noopener\">https:\/\/www.facebook.com\/legal\/terms\/page_controller_addendum<\/a>.<br \/>Facebook hat sich darin unter anderem verpflichtet, Sie \u00fcber die Datenverarbeitung im Rahmen der Seiten-Insights-Funktion zu informieren. Diese Informationen finden Sie hier:\u00a0<a href=\"https:\/\/nam12.safelinks.protection.outlook.com\/?url=https%3A%2F%2Fwww.facebook.com%2Flegal%2Fterms%2Finformation_about_page_insights_data&amp;data=04%7C01%7C%7C4b2ac5c1f8cb4676c8aa08da044d1464%7C84df9e7fe9f640afb435aaaaaaaaaaaa%7C1%7C0%7C637827026415738650%7CUnknown%7CTWFpbGZsb3d8eyJWIjoiMC4wLjAwMDAiLCJQIjoiV2luMzIiLCJBTiI6Ik1haWwiLCJXVCI6Mn0%3D%7C3000&amp;sdata=iaTupMEjV2oy%2BxjEFYNVF2vBjU0wi5vJd7CcBB2rKjk%3D&amp;reserved=0\" target=\"_blank\" rel=\"noreferrer noopener\">https:\/\/www.facebook.com\/legal\/terms\/information_about_page_insights_data<\/a>.<\/p>\n<p><\/p>\n<p><\/p>\n<h3 class=\"wp-block-heading\">LinkedIn<\/h3>\n<p><\/p>\n<p>LinkedIn ist ein berufliches Netzwerk der LinkedIn Ireland Unlimited Company, Wilton Place, Dublin 2, Irland. Diese Firma vertritt in der EU die LinkedIn Corporation, 1000 W. Maude Ave., Sunnyvale, California 94085, USA.<br \/>Weitere Informationen zum Datenschutz bei LinkedIn finden Sie unter:\u00a0<a href=\"https:\/\/nam12.safelinks.protection.outlook.com\/?url=https%3A%2F%2Fwww.linkedin.com%2Flegal%2Fprivacy-policy&amp;data=04%7C01%7C%7C4b2ac5c1f8cb4676c8aa08da044d1464%7C84df9e7fe9f640afb435aaaaaaaaaaaa%7C1%7C0%7C637827026415738650%7CUnknown%7CTWFpbGZsb3d8eyJWIjoiMC4wLjAwMDAiLCJQIjoiV2luMzIiLCJBTiI6Ik1haWwiLCJXVCI6Mn0%3D%7C3000&amp;sdata=kXvAb93bL7q%2Fa3aaN0ixFNUMJ5upE8cKv7ETiahC1xs%3D&amp;reserved=0\" target=\"_blank\" rel=\"noreferrer noopener\">https:\/\/www.linkedin.com\/legal\/privacy-policy<\/a>.<br \/>Die Datenerhebung von LinkedIn k\u00f6nnen Sie auf der folgenden Seite konfigurieren:\u00a0<a href=\"https:\/\/nam12.safelinks.protection.outlook.com\/?url=https%3A%2F%2Fwww.linkedin.com%2Fpsettings%2Fguest-controls%2F&amp;data=04%7C01%7C%7C4b2ac5c1f8cb4676c8aa08da044d1464%7C84df9e7fe9f640afb435aaaaaaaaaaaa%7C1%7C0%7C637827026415738650%7CUnknown%7CTWFpbGZsb3d8eyJWIjoiMC4wLjAwMDAiLCJQIjoiV2luMzIiLCJBTiI6Ik1haWwiLCJXVCI6Mn0%3D%7C3000&amp;sdata=pZjyTspPXhay%2B5v%2BfIRdqWy3vFzDxXZIGt%2BHCEZaLl0%3D&amp;reserved=0\" target=\"_blank\" rel=\"noreferrer noopener\">https:\/\/www.linkedin.com\/psettings\/guest-controls\/<\/a>.<\/p>\n<p><\/p>\n<p><\/p>\n<h3 class=\"wp-block-heading\">XING<\/h3>\n<p><\/p>\n<p>XING ist ein berufliches Netzwerk der XING AG, Dammtorstra\u00dfe 29-32, 20354 Hamburg, Deutschland. Weitere Informationen zum Datenschutz bei Xing finden Sie unter:\u00a0<a href=\"https:\/\/nam12.safelinks.protection.outlook.com\/?url=https%3A%2F%2Fprivacy.xing.com%2Fde%2Fdatenschutzerklaerung&amp;data=04%7C01%7C%7C4b2ac5c1f8cb4676c8aa08da044d1464%7C84df9e7fe9f640afb435aaaaaaaaaaaa%7C1%7C0%7C637827026415738650%7CUnknown%7CTWFpbGZsb3d8eyJWIjoiMC4wLjAwMDAiLCJQIjoiV2luMzIiLCJBTiI6Ik1haWwiLCJXVCI6Mn0%3D%7C3000&amp;sdata=AQLoVBVGwH%2F8o5AtnIQRxluaesvXMA3Sx38yGGhSU1c%3D&amp;reserved=0\" target=\"_blank\" rel=\"noreferrer noopener\">https:\/\/privacy.xing.com\/de\/datenschutzerklaerung<\/a>.<\/p>\n<p><\/p>\n<p><\/p>\n<h2 class=\"wp-block-heading\">Dienste Dritter<\/h2>\n<p><\/p>\n<p>Wir nutzen, zur Vereinfachung unserer Datenverarbeitung und um den Funktionsumfang unserer Webseite zu erweitern, Dienstleistungen\/Ressourcen von Dritten, beispielsweise Plugins, externe Inhalte, Software oder sonstige externe Dienstleister (Dienste). Dabei werden m\u00f6glicherweise auch personenbezogene Daten an den Diensteanbieter \u00fcbermittelt. Um Ihre Daten zu sch\u00fctzen, haben wir die Diensteanbieter erforderlichenfalls gem. Art. 28 DSGVO vertraglich verpflichtet, Ihre Daten nur nach unserer Anweisung zu verarbeiten.<br \/>Wir weisen ausdr\u00fccklich darauf hin, dass wir regelm\u00e4\u00dfig nur f\u00fcr die Datenerhebung und \u00dcbermittlung durch den Dienst verantwortlich im Sinne der DSGVO sind, nicht aber f\u00fcr eine eventuell sp\u00e4ter erfolgende Verarbeitung durch den jeweiligen Diensteanbieter.<br \/>Im Einzelnen nutzen wir folgende Dienste:<\/p>\n<p><\/p>\n<p><\/p>\n<h3 class=\"wp-block-heading\">Google-Dienste<\/h3>\n<p><\/p>\n<p>Unsere Webseite verwendet folgende Dienste der Firma Google Ireland Limited (\u201eGoogle EU\u201c), Gordon House, Barrow Street, Dublin 4, Irland. Diese Firma vertritt in der EU die Firma Google LLC (\u201eGoogle US\u201c), 1600 Amphitheatre Parkway Mountain View, CA 94043, USA.<br \/>Durch die Nutzung der Dienste werden Daten an Google EU und unter Umst\u00e4nden von Google EU an Google US \u00fcbermittelt. Der Google-Konzern kann die \u00fcbermittelten Daten verarbeiten, um anonymisierte Nutzerprofile f\u00fcr statistische Zwecke zu erstellen. Wenn Sie dar\u00fcber hinaus \u00fcber ein Google-Konto verf\u00fcgen und in diesem eingeloggt sind, kann Google die \u00fcbermittelten Daten Ihrem Konto zuordnen \u2013 auch ger\u00e4te\u00fcbergreifend. Auf diese Datenverarbeitung haben wir grunds\u00e4tzlich keinen Einfluss. Verantwortlich f\u00fcr diese Datenverarbeitung ist daher Google EU.<br \/>Wir haben mit Google einen Vertrag unter Einbeziehung der Standardvertragsklauseln geschlossen. Bitte beachten Sie aber die Hinweise unter Daten\u00fcbermittlung an Drittstaaten au\u00dferhalb der EU.<br \/>Mehr Informationen zum Umgang mit Nutzerdaten finden Sie in der Datenschutzerkl\u00e4rung von Google:\u00a0<a href=\"https:\/\/nam12.safelinks.protection.outlook.com\/?url=https%3A%2F%2Fpolicies.google.com%2Fprivacy&amp;data=04%7C01%7C%7C4b2ac5c1f8cb4676c8aa08da044d1464%7C84df9e7fe9f640afb435aaaaaaaaaaaa%7C1%7C0%7C637827026415738650%7CUnknown%7CTWFpbGZsb3d8eyJWIjoiMC4wLjAwMDAiLCJQIjoiV2luMzIiLCJBTiI6Ik1haWwiLCJXVCI6Mn0%3D%7C3000&amp;sdata=vFAU0oS%2BkNJNMlxN4%2B%2FN1SUcQY2E8guxhoc8l59CCnc%3D&amp;reserved=0\" target=\"_blank\" rel=\"noreferrer noopener\">https:\/\/policies.google.com\/privacy<\/a>. Die Einzelheiten zu den Standardvertragsklauseln (Gew\u00e4hrleistung des Datenschutzniveaus in Drittl\u00e4ndern) finden Sie hier:\u00a0<a href=\"https:\/\/nam12.safelinks.protection.outlook.com\/?url=https%3A%2F%2Fsupport.google.com%2Fadspolicy%2Fanswer%2F10042247%3Fhl%3Dde&amp;data=04%7C01%7C%7C4b2ac5c1f8cb4676c8aa08da044d1464%7C84df9e7fe9f640afb435aaaaaaaaaaaa%7C1%7C0%7C637827026415738650%7CUnknown%7CTWFpbGZsb3d8eyJWIjoiMC4wLjAwMDAiLCJQIjoiV2luMzIiLCJBTiI6Ik1haWwiLCJXVCI6Mn0%3D%7C3000&amp;sdata=lc9QAcbv3evYvagf6xrBJdWrVUl1TyvYU1tyG5bhO6I%3D&amp;reserved=0\" target=\"_blank\" rel=\"noreferrer noopener\">https:\/\/support.google.com\/adspolicy\/answer\/10042247?hl=de<\/a>. Ihre Google-Werbeeinstellungen k\u00f6nnen Sie auf der folgenden Webseite verwalten:\u00a0<a href=\"https:\/\/nam12.safelinks.protection.outlook.com\/?url=https%3A%2F%2Fadssettings.google.com%2F%3Fhl%3Dde&amp;data=04%7C01%7C%7C4b2ac5c1f8cb4676c8aa08da044d1464%7C84df9e7fe9f640afb435aaaaaaaaaaaa%7C1%7C0%7C637827026415893767%7CUnknown%7CTWFpbGZsb3d8eyJWIjoiMC4wLjAwMDAiLCJQIjoiV2luMzIiLCJBTiI6Ik1haWwiLCJXVCI6Mn0%3D%7C3000&amp;sdata=RmH9b7fE8g3xn4%2Bi5%2FNBgbbrCbmojFRuxSWl4XnGOUQ%3D&amp;reserved=0\" target=\"_blank\" rel=\"noreferrer noopener\">https:\/\/adssettings.google.com\/?hl=de<\/a>\u00a0(Diese Einstellung wird gel\u00f6scht, wenn Sie Ihre Cookies l\u00f6schen).<\/p>\n<p>Wir verwenden:<\/p>\n<p><\/p>\n<p><\/p>\n<h4 class=\"wp-block-heading\">Google Maps<\/h4>\n<p><\/p>\n<p>Unsere Webseite nutzt den externen Kartendienst \u201eGoogle Maps\u201c von Google. Google Maps dient dazu, eine interaktive Karte auf unserer Webseite anzubieten, die Ihnen zeigt, wie Sie uns finden und erreichen k\u00f6nnen. Dieser Dienst erm\u00f6glicht es uns, unsere Webseite ansprechend darzustellen, indem Kartenmaterial von einem externen Server geladen wird. Die ben\u00f6tigten Daten werden in der Regel von einem Server von Google in den USA angefordert. Durch diese Anforderung werden unter anderem folgende Informationen an einen Server von Google \u00fcbermittelt und dort gespeichert: Ihre IP-Adresse, Produkt- und Versionsinformationen \u00fcber den verwendeten Browser und das Betriebssystem (sog. user agent), die Internetseite, von welcher Ihr Zugriff stattfand (sog. Referer), Datum und Uhrzeit der Anfrage und u.U. Ihr Internet-Service-Provider. Durch den Dienst werden Cookies (siehe oben unter \u201eCookies\u201c) auf Ihrem Endger\u00e4t gespeichert und ausgewertet.<\/p>\n<p><\/p>\n<p>Weitere Informationen hierzu finden Sie unter dem Abschnitt Mediendienste.<\/p>\n<p><\/p>\n<p><\/p>\n<h4 class=\"wp-block-heading\">Youtube<\/h4>\n<p><\/p>\n<p>Unsere Webseite nutzt den Videodienst \u201eYouTube\u201c von Google. YouTube dient dazu, an verschiedenen Stellen Videos in unsere Webseite einzubinden. Durch die Wiedergabe von Videos werden in der Regel folgende Informationen an einen Server von Google in den USA \u00fcbertragen und dort mehrere Monate gespeichert: Ihre IP-Adresse, Produkt- und Versionsinformationen \u00fcber den verwendeten Browser und das Betriebssystem (sog. user agent), die Internetseite, von welcher Ihr Zugriff stattfand (sog. Referer), Datum und Uhrzeit der Anfrage und u.U. Ihr Internet-Service-Provider. YouTube verwendet diese Daten unter anderem zur Erfassung von Statistiken und zur Verbesserung des Dienstes.<\/p>\n<p><\/p>\n<p>Weitere Informationen hierzu finden Sie unter dem Abschnitt Mediendienste.<\/p>\n<p><\/p>\n<p><\/p>\n<h3 class=\"wp-block-heading\">Analyse-Tools<\/h3>\n<p><\/p>\n<p>Wir nutzen bestimmte Dienste, die Daten von Webseitenbesuchern aufzeichnen und uns zur Analyse zur Verf\u00fcgung stellen. Diese Daten nutzen wir zur nutzungsorientierten Verbesserung unserer Webseite, unserer Dienstleistungen und Angebote. Insbesondere k\u00f6nnen folgende Informationen zum Besucherverhalten gesammelt werden: Ihre IP-Adresse, Produkt- und Versionsinformationen \u00fcber den verwendeten Browser und das Betriebssystem (sog. user agent), die Internetseite von welcher Ihr Zugriff stattfand (sog. Referer), Datum und Uhrzeit der Anfrage und u.U. Ihr Internet-Service-Provider, ungef\u00e4hre Herkunft (Land und Stadt), Sprache, Klicks auf Inhalte und Ansichtsdauer.<\/p>\n<p><\/p>\n<p>Wir verwenden:<\/p>\n<p><\/p>\n<p><\/p>\n<h4 class=\"wp-block-heading\">digidor GmbH<\/h4>\n<p><\/p>\n<p>Diese Webseite verwendet einen Dienst der digidor GmbH, Teltower Damm 19, 14169 Berlin. Bei diesem Dienst handelt es sich um ein Webanalysetool zur Reichweitenmessung. Der Dienst erm\u00f6glicht es uns, Verweildauer, Klickverhalten und die Art und Weise des Zugriffs festzustellen. Es werden folgende Daten an den Server der digidor GmbH \u00fcbermittelt: Ihre IP-Adresse (gek\u00fcrzt um das letzte Oktett), Bildschirmaufl\u00f6sung, Browser, Betriebssystem, die Internetseite, von welcher Ihr Zugriff stattfand (sog. Referer), Zeitpunkte des Seitenaufrufs und die aufgerufene URL. Die erfassten Rohdaten werden nach 24 Stunden gel\u00f6scht. Eine Profilbildung erfolgt nicht. Wir haben mit der Anbieterin einen sog. Auftragsverarbeitungsvertrag geschlossen, um sicherzustellen, dass diese Ihre Daten nur nach unserer Anweisung verarbeitet. Mehr Informationen zum Umgang mit Nutzerdaten finden Sie in der Datenschutzerkl\u00e4rung der digidor GmbH:\u00a0<a href=\"https:\/\/nam12.safelinks.protection.outlook.com\/?url=https%3A%2F%2Fwww.digidor.de%2Fdatenschutz.html&amp;data=04%7C01%7C%7C4b2ac5c1f8cb4676c8aa08da044d1464%7C84df9e7fe9f640afb435aaaaaaaaaaaa%7C1%7C0%7C637827026415893767%7CUnknown%7CTWFpbGZsb3d8eyJWIjoiMC4wLjAwMDAiLCJQIjoiV2luMzIiLCJBTiI6Ik1haWwiLCJXVCI6Mn0%3D%7C3000&amp;sdata=rX8YQWQ51TNlEVfPP3vjC0QElRkl5B9A0QxSiE0Ez0M%3D&amp;reserved=0\" target=\"_blank\" rel=\"noreferrer noopener\">https:\/\/www.digidor.de\/datenschutz.html<\/a>. Sie k\u00f6nnen die Erfassung Ihrer Daten durch den Dienst der digidor GmbH verhindern, indem Sie auf folgenden Link klicken. Es wird ein Opt-Out-Cookie gesetzt, der die Erfassung Ihrer Daten bei zuk\u00fcnftigen Besuchen dieser Website verhindert: [<a>Analyse-Tool deaktivieren<\/a>]<\/p>\n<p><\/p>\n<p>Die Rechtsgrundlage f\u00fcr die Verarbeitung Ihrer Daten in Bezug auf das Webanalysetool zur Reichweitenmessung ist Art. 6 Abs. 1 S. 1 Buchstabe f) DSGVO (Berechtigtes Interesse an der Datenverarbeitung). Das berechtigte Interesse ergibt sich aus unserem Bedarf an einer Auswertung von Nutzerdaten zur nutzungsorientierten Verbesserung der Gestaltung unseres Online-Angebots sowie zur Optimierung unserer Dienstleistungen und Angebote. Der Verarbeitung Ihrer Daten auf Grundlage unseres berechtigten Interesses k\u00f6nnen Sie jederzeit unter den Voraussetzungen des Art. 21 DSGVO widersprechen. Nutzen Sie hierf\u00fcr bitte die im Impressum genannten Kontaktdaten.<\/p>\n<p><\/p>\n<p><\/p>\n<h3 class=\"wp-block-heading\">Mediendienste<\/h3>\n<p><\/p>\n<p>Wir nutzen bestimmte Dienste, um unsere Webseite mit digitalen Inhalten zu f\u00fcllen und zu erg\u00e4nzen. Dazu nutzen wir in der Regel die Einbindungs-Funktionen von externen Plattformen. Hierdurch werden durch den Abruf der Inhalte vom Server des Anbieters Daten an diesen \u00fcbermittelt und dort in der Regel gespeichert, z.B. Ihre IP-Adresse, Produkt- und Versionsinformationen \u00fcber den verwendeten Browser und das Betriebssystem (sog. user agent), die Internetseite von welcher Ihr Zugriff stattfand (sog. Referer), Datum und Uhrzeit der Anfrage und u.U. Ihr Internet-Service-Provider. N\u00e4here Informationen hierzu siehe oben unter \u201eServer-Log-Dateien\u201c.<\/p>\n<p><\/p>\n<p>Die Rechtsgrundlage f\u00fcr die Nutzung von Mediendiensten ist Art. 6 Abs. 1 S. 1 Buchstabe a) DSGVO (Einwilligung des Betroffenen). Wir bitten Sie beim ersten Aufruf der Webseite \u00fcber einen eingeblendeten Hinweistext um Ihr Einverst\u00e4ndnis zur Verwendung des Dienstes. Ihre Einwilligung k\u00f6nnen Sie jederzeit mit Wirkung f\u00fcr die Zukunft widerrufen, indem Sie im Footer unter \u201eCookies\u201c Ihre Einstellungen \u00e4ndern oder in Ihrem Browser alle Cookies l\u00f6schen. Wie dies in Ihrem Browser funktioniert, k\u00f6nnen Sie der Anleitung des Browsers entnehmen.<\/p>\n<p><\/p>\n<p>Wir verwenden:<\/p>\n<p><\/p>\n<p><\/p>\n<h4 class=\"wp-block-heading\">Google Maps<\/h4>\n<p><\/p>\n<p>Unsere Webseite verwendet den Dienst \u201eGoogle Maps\u201c der Firma Google. Siehe dazu die Datenschutzhinweise oben.<\/p>\n<p><\/p>\n<p><\/p>\n<h4 class=\"wp-block-heading\">Vimeo<\/h4>\n<p><\/p>\n<p>Unsere Webseite nutzt den Videodienst \u201eVimeo\u201c von Vimeo Inc. (\u201eVimeo\u201c), 555 West 18th Street, New York, New York 10011, USA. Vimeo dient dazu, an verschiedenen Stellen Videos in unsere Webseite einzubinden. Wenn Sie unsere Webseite aufrufen, die mit einem Vimeo-Plugin versehen ist, wird eine Verbindung zu den Servern von Vimeo hergestellt. Dabei werden Informationen, z.B. Ihre IP-Adresse, Produkt- und Versionsinformationen \u00fcber den verwendeten Browser und das Betriebssystem (sog. user agent), die Internetseite von welcher Ihr Zugriff stattfand (sog. Referer), Datum und Uhrzeit der Anfrage und u.U. Ihr Internet-Service-Provider, an Vimeo \u00fcbermittelt. Vimeo kann au\u00dferdem Ihre Interaktionen mit dem Plugin verfolgen. Sollten Sie ein Vimeo-Benutzerkonto besitzen und am selben Endger\u00e4t in dieses eingeloggt sein, wird der Besuch unserer Internetseite Ihrem Benutzerkonto zugeordnet. Wenn Sie dies vermeiden m\u00f6chten, k\u00f6nnen Sie sich vor Besuch unserer Internetseite aus Ihrem Benutzerkonto ausloggen und die von Vimeo gesetzten Cookies l\u00f6schen.<br \/>Sie k\u00f6nnen der Verwendung nicht notwendiger Cookies durch Vimeo widersprechen, indem Sie den Haken am Ende der folgenden Seite entfernen (Opt-Out):\u00a0<a href=\"https:\/\/nam12.safelinks.protection.outlook.com\/?url=https%3A%2F%2Fvimeo.com%2Fcookie_policy&amp;data=04%7C01%7C%7C4b2ac5c1f8cb4676c8aa08da044d1464%7C84df9e7fe9f640afb435aaaaaaaaaaaa%7C1%7C0%7C637827026415893767%7CUnknown%7CTWFpbGZsb3d8eyJWIjoiMC4wLjAwMDAiLCJQIjoiV2luMzIiLCJBTiI6Ik1haWwiLCJXVCI6Mn0%3D%7C3000&amp;sdata=6NjoOo9ikUahfFLmy5yEOM3tyhFoAqmbh%2FYS5Ta8ViY%3D&amp;reserved=0\" target=\"_blank\" rel=\"noreferrer noopener\">https:\/\/vimeo.com\/cookie_policy<\/a>.<br \/>Mehr Informationen zum Umgang mit Nutzerdaten finden Sie in der Datenschutzerkl\u00e4rung von Vimeo unter\u00a0<a href=\"https:\/\/nam12.safelinks.protection.outlook.com\/?url=https%3A%2F%2Fvimeo.com%2Fprivacy&amp;data=04%7C01%7C%7C4b2ac5c1f8cb4676c8aa08da044d1464%7C84df9e7fe9f640afb435aaaaaaaaaaaa%7C1%7C0%7C637827026415893767%7CUnknown%7CTWFpbGZsb3d8eyJWIjoiMC4wLjAwMDAiLCJQIjoiV2luMzIiLCJBTiI6Ik1haWwiLCJXVCI6Mn0%3D%7C3000&amp;sdata=%2F2nJoJhK5hXPQTLMEql0L3UVQzzz%2Fyswkkh4eJ44jo4%3D&amp;reserved=0\" target=\"_blank\" rel=\"noreferrer noopener\">https:\/\/vimeo.com\/privacy<\/a>.<\/p>\n<p><\/p>\n<p><\/p>\n<h4 class=\"wp-block-heading\">Youtube<\/h4>\n<p><\/p>\n<p><\/p>\n<p class=\"has-black-color has-text-color\">Unsere Webseite verwendet den Dienst \u201eYoutube\u201c der Firma Google. Siehe dazu die Datenschutzhinweise oben.<\/p>\n<p><\/p>[\/et_pb_text][\/et_pb_column][\/et_pb_row][\/et_pb_section]","protected":false},"excerpt":{"rendered":"<p>Datenschutzerkl\u00e4rung Allgemeines Die Einhaltung der Datenschutzgesetze ist f\u00fcr uns nicht nur gesetzliche Pflicht, sondern auch ein wichtiger Vertrauensfaktor. Mit den nachfolgenden Datenschutzbestimmungen m\u00f6chten wir Sie deshalb transparent \u00fcber Art, Umfang und Zweck der von Ihnen erhobenen und verarbeiteten personenbezogenen Daten innerhalb dieses Internetauftritts sowie Ihre Rechte informieren. Verantwortlichkeit f\u00fcr die Datenverarbeitung Michael Wiecki, Venloer Stra\u00dfe [&hellip;]<\/p>\n","protected":false},"author":1,"featured_media":0,"parent":0,"menu_order":0,"comment_status":"closed","ping_status":"closed","template":"","meta":{"_et_pb_use_builder":"on","_et_pb_old_content":"<!-- wp:heading -->\n<h2>Allgemeines<\/h2>\n<!-- \/wp:heading -->\n\n<!-- wp:paragraph -->\n<p>Die Einhaltung der Datenschutzgesetze ist f\u00fcr uns nicht nur gesetzliche Pflicht, sondern auch ein wichtiger Vertrauensfaktor. Mit den nachfolgenden Datenschutzbestimmungen m\u00f6chten wir Sie deshalb transparent \u00fcber Art, Umfang und Zweck der von Ihnen erhobenen und verarbeiteten personenbezogenen Daten innerhalb dieses Internetauftritts sowie Ihre Rechte informieren.<\/p>\n<!-- \/wp:paragraph -->\n\n<!-- wp:heading -->\n<h2>Verantwortlichkeit f\u00fcr die Datenverarbeitung<\/h2>\n<!-- \/wp:heading -->\n\n<!-- wp:paragraph -->\n<p>Michael Wiecki, Venloer Stra\u00dfe 145, 50259 Pulheim, Telefon 02238 963091 (im Folgenden: \u201ewir\u201c) ist als Betreiber der Website <a href=\"https:\/\/nam12.safelinks.protection.outlook.com\/?url=http%3A%2F%2Fwww.wiecki-immobilien.de%2F&amp;data=04%7C01%7C%7C4b2ac5c1f8cb4676c8aa08da044d1464%7C84df9e7fe9f640afb435aaaaaaaaaaaa%7C1%7C0%7C637827026415738650%7CUnknown%7CTWFpbGZsb3d8eyJWIjoiMC4wLjAwMDAiLCJQIjoiV2luMzIiLCJBTiI6Ik1haWwiLCJXVCI6Mn0%3D%7C3000&amp;sdata=FLhK%2BiWnio6kDlK%2B06SJoz568LGrwoLXBGHnKPBQEwA%3D&amp;reserved=0\">www.wiecki-immobilien.de<\/a> Verantwortlicher gem. Art. 4 Abs. Nr. 7 der EU-Datenschutz-Grundverordnung (DSGVO). Bei Fragen k\u00f6nnen Sie sich an&nbsp;<a href=\"mailto:kontakt@wiecki-immobilien.de\">kontakt@wiecki-immobilien.de<\/a>&nbsp;wenden.<\/p>\n<!-- \/wp:paragraph -->\n\n<!-- wp:heading -->\n<h2>Datenschutzbeauftragter<\/h2>\n<!-- \/wp:heading -->\n\n<!-- wp:paragraph -->\n<p>Gem\u00e4\u00df Art. 37 DSGVO i.V.m. \u00a738 BDSG sind wir nicht verpflichtet, einen Datenschutzbeauftragten zu bestellen. Bei Fragen zum Datenschutz und zur Geltendmachung Ihrer im folgenden genannten Rechte k\u00f6nnen Sie sich aber selbstverst\u00e4ndlich jederzeit \u00fcber die oben angegebenen Kontaktdaten an uns wenden.<\/p>\n<!-- \/wp:paragraph -->\n\n<!-- wp:heading -->\n<h2>Betroffenenrechte<\/h2>\n<!-- \/wp:heading -->\n\n<!-- wp:heading {\"level\":3} -->\n<h3>Ihre Rechte als betroffene Person<\/h3>\n<!-- \/wp:heading -->\n\n<!-- wp:paragraph -->\n<p>Als betroffene Person haben Sie uns gegen\u00fcber folgende Rechte hinsichtlich Ihrer personenbezogenen Daten. Sie haben:<\/p>\n<!-- \/wp:paragraph -->\n\n<!-- wp:list {\"ordered\":true,\"type\":\"1\"} -->\n<ol type=\"1\"><li>Ein&nbsp;<strong>Recht auf Auskunft<\/strong>&nbsp;unter anderem \u00fcber die Kategorien der verarbeiteten Daten, der Verarbeitungszwecke, die Speicherdauer sowie etwaige Empf\u00e4nger, gem\u00e4\u00df Art. 15 DSGVO und \u00a734 BDSG.<\/li><li>Ein&nbsp;<strong>Recht auf Berichtigung oder L\u00f6schung<\/strong>&nbsp;unrichtiger bzw. unvollst\u00e4ndiger Daten, gem\u00e4\u00df Art. 16 und 17 DSGVO und \u00a735 BDSG.<\/li><li>Unter den Voraussetzungen des Art. 18 DSGVO oder \u00a735 Abs. 1 S. 2 BDSG ein&nbsp;<strong>Recht auf Einschr\u00e4nkung der Verarbeitung<\/strong>.<\/li><li>Ein&nbsp;<strong>Recht auf Widerspruch<\/strong>&nbsp;gegen die Verarbeitung gem\u00e4\u00df Art. 21 Abs. 1 DSGVO, soweit die Datenverarbeitung aufgrund eines berechtigten Interesses erfolgte.<\/li><li>Ein&nbsp;<strong>Recht auf Widerruf<\/strong>&nbsp;einer abgegebenen Einwilligung mit Wirkung f\u00fcr die Zukunft gem\u00e4\u00df Art. 7 Abs. 3 DSGVO.<\/li><li>Ein&nbsp;<strong>Recht auf Daten\u00fcbertragbarkeit<\/strong>&nbsp;in einem g\u00e4ngigen Format gem\u00e4\u00df Art. 20 DSGVO.<\/li><li>Sie haben gem\u00e4\u00df Art. 22 DSGVO ein Recht darauf, nicht einer ausschlie\u00dflich auf einer automatisierten Verarbeitung beruhenden Entscheidung unterworfen zu werden, die Ihnen gegen\u00fcber rechtliche Wirkung entfaltet oder Sie in \u00e4hnlicher Weise erheblich beeintr\u00e4chtigt. Dies umfasst auch Profiling im Sinne des Art. 4 Nr. 4 DSGVO.<\/li><li>Sie haben zudem das Recht, sich gem\u00e4\u00df Art. 77 DSGVO bei einer&nbsp;<strong>Datenschutz-Aufsichtsbeh\u00f6rde<\/strong>&nbsp;\u00fcber die Verarbeitung Ihrer personenbezogenen Daten durch uns zu beschweren, insbesondere in dem Mitgliedstaat Ihres gew\u00f6hnlichen Aufenthaltsorts, Ihres Arbeitsplatzes oder des Orts des mutma\u00dflichen Versto\u00dfes.<\/li><\/ol>\n<!-- \/wp:list -->\n\n<!-- wp:heading {\"level\":3} -->\n<h3>Verfahren<\/h3>\n<!-- \/wp:heading -->\n\n<!-- wp:paragraph -->\n<p>Wenn Sie Ihre Rechte nach der DSGVO und dem BDSG uns gegen\u00fcber geltend machen, werden wir die von Ihnen dabei an uns \u00fcbermittelten Daten verarbeiten, um Ihren Anspruch zu erf\u00fcllen. Im Anschluss speichern wir die von Ihnen an uns \u00fcbermittelten Daten und die von uns an Sie im Gegenzug \u00fcbermittelten Daten zum Zwecke der Dokumentation bis zum Ablauf der ordnungswidrigkeitenrechtlichen Verj\u00e4hrungsfrist (3 Jahre). Die Rechtsgrundlage f\u00fcr die Speicherung der Daten ist Art. 6 Abs. 1 S. 1 Buchstabe f) DSGVO (Berechtigtes Interesse an der Datenverarbeitung). Das berechtigte Interesse ergibt sich aus unserer Verpflichtung Ihrem Anliegen nachzukommen und dem Bedarf, uns in einem m\u00f6glichen Bu\u00dfgeldverfahren entlasten zu k\u00f6nnen, indem wir nachweisen, dass wir Ihrem Anliegen ordnungsgem\u00e4\u00df nachgekommen sind.<\/p>\n<!-- \/wp:paragraph -->\n\n<!-- wp:paragraph -->\n<p>Der Verarbeitung Ihrer Daten auf Grundlage unseres berechtigten Interesses k\u00f6nnen Sie jederzeit unter den Voraussetzungen des Art. 21 DSGVO widersprechen. Nutzen Sie hierf\u00fcr bitte die im Impressum genannten Kontaktdaten. Wir weisen aber darauf hin, dass die Verarbeitung Ihrer Daten zum Nachweis der Einhaltung der Betroffenenrechte zwingend im Sinne des Art. 21 Abs. 1 DSGVO ist, da andere Nachweism\u00f6glichkeiten nicht bestehen bzw. nicht gleicherma\u00dfen geeignet sind.<\/p>\n<!-- \/wp:paragraph -->\n\n<!-- wp:heading -->\n<h2>Datenschutzma\u00dfnahmen<\/h2>\n<!-- \/wp:heading -->\n\n<!-- wp:paragraph -->\n<p>Wir sichern unsere Website und sonstigen Systeme \u2013 und damit auch Ihre Daten \u2013 durch technische und organisatorische Ma\u00dfnahmen gegen Verlust, Zerst\u00f6rung, Zugriff, Ver\u00e4nderung oder Verbreitung durch unbefugte Per\u00adsonen ab. Insbesondere werden Ihre pers\u00f6nlichen Daten verschl\u00fcsselt durch das Internet \u00fcbertragen. Wir bedienen uns dabei des Codierungssystems TLS (Transport Layer Security).<br>Jedoch ist die \u00dcbertragung von Informationen \u00fcber das Internet nie vollst\u00e4ndig sicher, weshalb wir die Sicherheit der von unserer Website \u00fcbermittelten Daten nicht zu 100% garantieren k\u00f6nnen.<\/p>\n<!-- \/wp:paragraph -->\n\n<!-- wp:heading -->\n<h2>Modalit\u00e4ten der Datenverarbeitung<\/h2>\n<!-- \/wp:heading -->\n\n<!-- wp:heading {\"level\":3} -->\n<h3>Quellen und Kategorien von personenbezogenen Daten<\/h3>\n<!-- \/wp:heading -->\n\n<!-- wp:paragraph -->\n<p>Wir verarbeiten Ihre personenbezogenen Daten, soweit sie f\u00fcr die Begr\u00fcndung, inhaltliche Ausgestaltung oder \u00c4nderung eines Vertragsverh\u00e4ltnisses zwischen uns und Ihnen erforderlich sind (Bestandsdaten). Bestandsdaten k\u00f6nnen insbesondere sein: Name, Anrede, Kontaktdaten (Postadresse, Telefon, E-Mail-Adresse), Geburts\u00addatum usw.<\/p>\n<!-- \/wp:paragraph -->\n\n<!-- wp:paragraph -->\n<p>Ferner verarbeiten wir Ihre Nutzungsdaten. Nutzungsdaten sind Daten, die durch Ihr Verhalten bei der Nutzung unseres Webangebots und unserer Dienste anfallen, insbesondere Ihre IP-Adresse, Beginn und Ende Ihres Besuchs auf unserer Webseite und Informationen dar\u00fcber, welche Inhalte Sie auf unserer Webseite abgerufen haben.<\/p>\n<!-- \/wp:paragraph -->\n\n<!-- wp:paragraph -->\n<p>Die genannten Daten erheben wir entweder direkt bei Ihnen (z.B. durch den Besuch der Webseite) oder, soweit dies nach den Datenschutzgesetzen zul\u00e4ssig ist, bei Dritten bzw. aus \u00f6ffentlich zug\u00e4nglichen Quellen (z.B. Handels- und Vereinsregister, Presse, Medien, Internet).<\/p>\n<!-- \/wp:paragraph -->\n\n<!-- wp:heading {\"level\":3} -->\n<h3>Daten\u00fcbermittlung an Drittstaaten au\u00dferhalb der EU<\/h3>\n<!-- \/wp:heading -->\n\n<!-- wp:paragraph -->\n<p>Alle Informationen, die wir von Ihnen oder \u00fcber Sie erhalten, werden grunds\u00e4tzlich auf Servern innerhalb der Europ\u00e4ischen Union verarbeitet. Eine \u00dcbermittlung Ihrer Daten an oder eine Verarbeitung Ihrer Daten in Drittstaaten erfolgt ohne Ihre ausdr\u00fcckliche Einwilligung lediglich, sofern dies gesetzlich vorgesehen oder gestattet ist, in dem Drittstaat ein hierf\u00fcr angemessenes Datenschutzniveau sichergestellt ist oder vertragliche Verpflichtungen durch sogenannte Standarddatenschutzklauseln der EU bestehen.<\/p>\n<!-- \/wp:paragraph -->\n\n<!-- wp:paragraph -->\n<p>Bitte beachten Sie, dass es sich bei den USA um einen sogenannten unsicheren Drittstaat handelt. Es besteht bei einer \u00dcbermittlung von personenbezogenen Daten in die USA das Risiko, dass US-Sicherheitsbeh\u00f6rden im Rahmen des \u201eCloud-Acts\u201c auf diese Daten zugreifen k\u00f6nnen. Gegen diese Ma\u00dfnahmen stehen EU-B\u00fcrgern keine effektiven Rechtsschutzm\u00f6glichkeiten in den USA oder der EU zu.<\/p>\n<!-- \/wp:paragraph -->\n\n<!-- wp:heading {\"level\":3} -->\n<h3>Weitergabe von Daten, Auftragsverarbeitung<\/h3>\n<!-- \/wp:heading -->\n\n<!-- wp:paragraph -->\n<p>Wir geben Ihre personenbezogenen Daten niemals unberechtigt an Dritte weiter. Wir k\u00f6nnen Ihre Daten aber insbesondere an Dritte weitergeben, wenn Sie in die Datenweitergabe eingewilligt haben, wenn die Weitergabe zur Erf\u00fcllung unserer rechtlichen Verpflichtungen notwendig ist oder wenn wir aufgrund gesetzlicher Bestimmungen oder beh\u00f6rdlicher oder gerichtlicher Anordnungen zu einer Datenweitergabe berechtigt oder verpflichtet sind. Dabei kann es sich insbesondere um die Auskunftserteilung f\u00fcr Zwecke der Strafverfolgung, zur Gefahrenabwehr oder zur Durchsetzung geistiger Eigentumsrechte handeln.<\/p>\n<!-- \/wp:paragraph -->\n\n<!-- wp:paragraph -->\n<p>Unter Umst\u00e4nden \u00fcbermitteln wir Ihre Daten au\u00dferdem an externe Dienstleister, die Daten in unserem Auftrag und nach unserer Weisung verarbeiten (Auftragsverarbeiter), um unsere eigene Datenverarbeitung zu vereinfachen oder zu entlasten. Jeder Auftragsverarbeiter wird durch einen Vertrag nach Ma\u00dfgabe des Art. 28 DSGVO verpflichtet. Das hei\u00dft insbesondere, dass der Auftragsverarbeiter hinreichend Garantien daf\u00fcr zu bieten hat, dass durch ihn geeignete technische und organisatorische Ma\u00dfnahmen so durchgef\u00fchrt werden, dass die Verarbeitung im Einklang mit den Anforderungen der DSGVO erfolgt und der Schutz Ihrer Rechte als betroffene Person gew\u00e4hrleistet ist. Trotz Beauftragung von Auftragsverarbeitern bleiben wir f\u00fcr die Verarbeitung Ihrer personenbezogenen Daten die verantwortliche Stelle im Sinne der Datenschutzgesetze.<\/p>\n<!-- \/wp:paragraph -->\n\n<!-- wp:heading {\"level\":3} -->\n<h3>Zweck der Datenverarbeitung<\/h3>\n<!-- \/wp:heading -->\n\n<!-- wp:paragraph -->\n<p>Wir nutzen die Daten grunds\u00e4tzlich nur zu dem Zweck, zu dem die Daten von Ihnen erhoben wurden. Wir k\u00f6nnen die Daten zu einem anderen Zweck weiterverarbeiten, wenn nicht dieser andere Zweck mit dem urspr\u00fcnglichen Zweck unvereinbar ist (Art. 5 Abs. 1 Lit. c) DSGVO).<\/p>\n<!-- \/wp:paragraph -->\n\n<!-- wp:heading {\"level\":3} -->\n<h3>Speicherdauer<\/h3>\n<!-- \/wp:heading -->\n\n<!-- wp:paragraph -->\n<p>Soweit im Einzelnen nichts anderes angegeben ist, speichern wir von Ihnen erhobene Daten nur so lange, wie es f\u00fcr den jeweiligen Zweck erforderlich ist, es sei denn es stehen gesetzliche Aufbewahrungspflichten der L\u00f6schung entgegen, z.B. aus dem Handelsrecht oder dem Steuerrecht.<\/p>\n<!-- \/wp:paragraph -->\n\n<!-- wp:heading -->\n<h2>Einzelne Verarbeitungst\u00e4tigkeiten<\/h2>\n<!-- \/wp:heading -->\n\n<!-- wp:paragraph -->\n<p>Wir m\u00f6chten Ihnen im Folgenden so transparent wie m\u00f6glich darstellen, welche Daten wir von Ihnen zu welcher Gelegenheit, auf welcher Grundlage und zu welchem Zweck verarbeiten.<\/p>\n<!-- \/wp:paragraph -->\n\n<!-- wp:heading {\"level\":3} -->\n<h3>Server-Log-Dateien<\/h3>\n<!-- \/wp:heading -->\n\n<!-- wp:paragraph -->\n<p>Bei jedem Aufruf einer Webseite und bei jedem Abruf von Daten von einem Server werden allgemeine Informationen automatisch an den bereitstellenden Server \u00fcbermittelt. Diese Daten\u00fcbermittlung erfolgt automatisch und ist ein grundlegender Bestandteil der Kommunikation zwischen Ger\u00e4ten im Internet.<br>Die standardm\u00e4\u00dfig \u00fcbertragenen Daten umfassen unter anderem folgende Informationen: Ihre IP-Adresse, Produkt- und Versionsinformationen \u00fcber den verwendeten Browser und das Betriebssystem (sog. user agent), die Internetseite von welcher Ihr Zugriff stattfand (sog. referer), Datum und Uhrzeit der Anfrage (sog. timestamp). Au\u00dferdem werden der http-Status und die \u00fcbertragene Datenmenge im Rahmen dieser Anfrage erfasst.<br>Diese Informationen werden vom Server protokolliert, in einer Tabelle abgelegt und dort kurzfristig gespeichert (sog. Server-Log-Dateien). Durch die Analyse dieser Log-Dateien k\u00f6nnen wir Fehler der Webseite feststellen und anschlie\u00dfend beseitigen, die Auslastung der Webseite zu bestimmten Zeiten feststellen und darauf aufbauend Anpassungen oder Verbesserungen vornehmen sowie die Sicherheit des Servers gew\u00e4hrleisten, indem wir nachvollziehen k\u00f6nnen, von welcher IP-Adresse Angriffe auf unseren Server ausgef\u00fchrt wurden.<br>Ihre IP-Adresse wird nur f\u00fcr die Zeit Ihrer Nutzung der Webseite gespeichert und im Anschluss daran unverz\u00fcglich gel\u00f6scht oder durch K\u00fcrzung teilweise unkenntlich gemacht. Die \u00fcbrigen Daten werden f\u00fcr eine begrenzte Zeitdauer (meist 7 Tage) gespeichert.<br>Die Rechtsgrundlage f\u00fcr die Nutzung der Server-Log-Dateien ist Art. 6 Abs. 1 S. 1 Buchstabe f) DSGVO (Berechtigtes Interesse an der Datenverarbeitung). Das berechtigte Interesse ergibt sich aus der Notwendigkeit f\u00fcr den Betrieb und die Wartung unserer Webseite, wie wir vorstehend erl\u00e4utert haben. Der Verarbeitung Ihrer Daten auf Grundlage unseres berechtigten Interesses k\u00f6nnen Sie jederzeit unter den Voraussetzungen des Art. 21 DSGVO widersprechen. Nutzen Sie hierf\u00fcr bitte die im Impressum genannten Kontaktdaten. Wir weisen aber bereits im Vorfeld darauf hin, dass die Verarbeitung Ihrer Daten in Server-Log-Dateien zwingend im Sinne des Art. 21 Abs. 1 DSGVO ist, da die Webseite ansonsten \u00fcberhaupt nicht betrieben werden kann.<\/p>\n<!-- \/wp:paragraph -->\n\n<!-- wp:heading {\"level\":3} -->\n<h3>Kontaktaufnahme<\/h3>\n<!-- \/wp:heading -->\n\n<!-- wp:paragraph -->\n<p>Unsere Webseite bietet M\u00f6glichkeiten an, direkt mit uns in Kontakt zu treten.&nbsp;<strong>Durch die Kontaktaufnahme erkl\u00e4ren Sie sich mit der Verarbeitung und Speicherung Ihrer \u00fcbermittelten Daten (insbesondere Ihrer E-Mailadresse) zur Bearbeitung Ihres Anliegens einverstanden.<\/strong>&nbsp;Dieser Verarbeitung k\u00f6nnen Sie jederzeit mit Wirkung f\u00fcr die Zukunft widersprechen. Nutzen Sie hierf\u00fcr bitte unsere Kontaktdaten im Impressum. Beachten Sie aber, dass wir Ihr Anliegen dann nicht mehr bearbeiten werden.<br>Die von Ihnen an uns \u00fcbermittelten Daten verarbeiten wir ausschlie\u00dflich bis zur Erreichung des jeweiligen Zwecks Ihrer Kontaktaufnahme, es sei denn, dass gesetzliche Aufbewahrungsfristen entgegenstehen. Wenn Zweck Ihrer Kontaktaufnahme die Geltendmachung von Betroffenenrechten ist, gilt das im Abschnitt \u201eIhre Rechte als betroffene Person\u201c Gesagte.<br>Die Rechtsgrundlage f\u00fcr die Nutzung der von Ihnen durch die Kontaktaufnahme an uns \u00fcbermittelten Daten ist Art. 6 Abs. 1 S. 1 Buchstabe a) DSGVO (Einwilligung der betroffenen Person). Ihre Einwilligung k\u00f6nnen Sie jederzeit mit Wirkung f\u00fcr die Zukunft widerrufen. Nutzen Sie hierf\u00fcr bitte die im Impressum genannten Kontaktdaten.<\/p>\n<!-- \/wp:paragraph -->\n\n<!-- wp:heading {\"level\":3} -->\n<h3 id=\"dse_cookies\">Cookies<\/h3>\n<!-- \/wp:heading -->\n\n<!-- wp:paragraph -->\n<p>Wir benutzen zur Verbesserung der Nutzerfreundlichkeit auf unserer Webseite sogenannte \u201eCookies\u201c.<\/p>\n<!-- \/wp:paragraph -->\n\n<!-- wp:heading {\"level\":4} -->\n<h4>Was Cookies sind<\/h4>\n<!-- \/wp:heading -->\n\n<!-- wp:paragraph -->\n<p>Sehr vereinfacht gesagt ist ein Cookie eine kleine Textdatei, die Daten \u00fcber besuchte Webseiten speichert. Cookies k\u00f6nnen in vielfacher Weise eingesetzt werden. Sie k\u00f6nnen zum Beispiel eine Art \u201eBenutzerprofil\u201c speichern, also Dinge wie Ihre bevorzugte Sprache und andere Seiteneinstellungen, die von unserer Webseite ben\u00f6tigt werden, um Ihnen bestimmte Dienste anbieten zu k\u00f6nnen. Die Cookie-Datei wird auf Ihrem Endger\u00e4t gespeichert und kann auch dabei helfen, Sie bei einem erneuten Aufruf unserer Webseite wiederzuerkennen. Unter Umst\u00e4nden k\u00f6nnen wir durch die Cookies au\u00dferdem Informationen \u00fcber Ihre bevorzugten Aktivit\u00e4ten auf unserer Webseite erhalten und unsere Webseite so an Ihren individuellen Interessen ausrichten oder sogar die Geschwindigkeit der Navigation auf unserer Webseite erh\u00f6hen.<\/p>\n<!-- \/wp:paragraph -->\n\n<!-- wp:heading {\"level\":4} -->\n<h4>Wie Sie Cookies vermeiden k\u00f6nnen<\/h4>\n<!-- \/wp:heading -->\n\n<!-- wp:paragraph -->\n<p>Sie k\u00f6nnen die Cookies in den Sicherheitseinstellungen Ihres Browsers jederzeit manuell l\u00f6schen. Sie k\u00f6nnen die Speicherung von Cookies aber auch durch eine entsprechende Einstellung Ihres Browsers von vornherein verhindern. Bitte beachten Sie aber, dass Sie dann m\u00f6glicherweise nicht s\u00e4mtliche Funktionen unserer Webseite vollumf\u00e4nglich nutzen k\u00f6nnen oder dass es gegebenenfalls zu Fehlern in der Darstellung und Nutzung der Webseite kommen kann.<\/p>\n<!-- \/wp:paragraph -->\n\n<!-- wp:heading {\"level\":4} -->\n<h4>Cookies von Drittanbietern<\/h4>\n<!-- \/wp:heading -->\n\n<!-- wp:paragraph -->\n<p>Es ist m\u00f6glich, dass Drittanbieter, mithilfe derer wir unsere Seite gestalten und betreiben, insbesondere durch sogenannte Plugins (siehe unten im Abschnitt \u201eDienste Dritter\u201c), selbst\u00e4ndig eigene Cookies auf Ihrem Endger\u00e4t speichern. Sollten Sie nur unsere eigenen Cookies, nicht aber Cookies dieser Dritten, akzeptieren wollen, k\u00f6nnen Sie die Speicherung dieser Cookies durch die entsprechende Browsereinstellung \u201eCookies von Drittanbietern blockieren\u201d verhindern.<\/p>\n<!-- \/wp:paragraph -->\n\n<!-- wp:heading {\"level\":4} -->\n<h4>Welche Cookies eingesetzt werden<\/h4>\n<!-- \/wp:heading -->\n\n<!-- wp:paragraph -->\n<p>Im Einzelnen setzt unsere Webseite folgende Cookies:<\/p>\n<!-- \/wp:paragraph -->\n\n<!-- wp:list {\"ordered\":true,\"type\":\"1\"} -->\n<ol type=\"1\"><li>Session-Cookies (zu Deutsch: Sitzungs-Cookies): Diese enthalten eine Identifikationsnummer, mit welcher sich verschiedene Anfragen Ihres Browsers zu einer Sitzung zuordnen lassen. Dadurch kann Ihr Rechner wiedererkannt werden, wenn Sie auf unsere Website zur\u00fcckkehren. Die Session-Cookies werden automatisiert gel\u00f6scht, wenn Sie den Browser schlie\u00dfen. Wir nutzen diese Art von Cookie, um elementare Funktionen dieser Website bereitzustellen, wie etwa den Schutz vor Spam-Versand \u00fcber Anfrage-Formulare. Au\u00dferdem nutzen wir Session-Cookies, um zu erkennen, wieviele Unterseiten der Homepage Sie aufrufen und wie lange Sie sich auf den Seiten aufhalten. Eine Zuordnung zu Ihnen als Person oder die Erstellung eines Nutzungsprofils \u00fcber einen l\u00e4ngeren Zeitraum als eine Browser-Sitzung ist dabei nicht m\u00f6glich. Wenn Sie die Erfassung Ihrer Daten zu Analyse-Zwecken (wie im Abschnitt \u201eAnalyse-Tools\u201c beschrieben) deaktivieren, speichern wir dies in einem Cookie, damit auch bei Ihrem n\u00e4chsten Besuch der Homepage dieser Dienst automatisch weiterhin deaktiviert ist. Dieser Cookie wird am 31.12.2099 automatisch gel\u00f6scht. Die Rechtsgrundlage hierf\u00fcr ist Art. 6 Abs. 1 S. 1 Buchstabe f) DSGVO (Berechtigtes Interesse an der Datenverarbeitung). Das berechtigte Interesse ergibt sich aus unserem Bedarf, Ihnen eine nutzerfreundliche Webseite anbieten zu k\u00f6nnen, sowie aus unserem Bedarf an einer anonymen Auswertung des Nutzungsverhaltens auf unserer Webseite zur nutzerorientierten Verbesserung der Gestaltung unseres Online-Angebots.<\/li><li>Lesebest\u00e4tigung der Erstinformation: Vor der Darstellung bestimmter versicherungsbezogener Informationen sind wir gesetzlich verpflichtet, Sie \u00fcber unseren Status als Vermittler zu informieren. Dies geschieht in Form unserer Erstinformation, deren Download Sie durch Setzen eines Hakens best\u00e4tigen m\u00fcssen. Hierbei speichern wir in einem Cookie, dass die Best\u00e4tigung durch Sie erfolgt ist und die Erstinformation nicht erneut von Ihnen heruntergeladen werden muss.<\/li><li>Cookie-Einstellungen: Um Sie transparent auf die Nutzung von Cookies durch uns hinzuweisen, wird am unteren Rand des Browserfensters ein Hinweis-Banner eingeblendet. Sie haben darin die M\u00f6glichkeit, selbst festzulegen, welche der nicht zwingend erforderlichen Cookies wir bei Ihrem Besuch auf der Website einsetzen d\u00fcrfen. Ihre Einstellungen hierzu werden f\u00fcr zuk\u00fcnftige Besuche auf dieser Website in mehreren Cookies gespeichert. Diese Cookies werden nach maximal einem Jahr automatisch gel\u00f6scht.<\/li><li>Gewinnspiele, Tippspiele, etc: M\u00f6glicherweise ist auf einer der Unterseiten dieser Homepage ein Modul zur Teilnahme an einem Gewinnspiel, Tippspiel, o.\u00e4. eingebunden. Wenn Sie sich zur Teilnahme hierf\u00fcr registrieren, speichern wir in einem Cookie eine Identifikationsnummer, damit Sie beim n\u00e4chsten Besuch dieses Moduls automatisch wieder angemeldet sind und Ihre Daten nicht erneut eingeben m\u00fcssen. Dieser Cookie wir nach einem Jahr automatisch gel\u00f6scht.<\/li><\/ol>\n<!-- \/wp:list -->\n\n<!-- wp:paragraph -->\n<p>Die Rechtsgrundlage f\u00fcr die Nutzung von Cookies, die f\u00fcr die Funktion der Webseite zwingend erforderlich sind (z.B. Warenkorb-Cookie, Session-Cookie) ist Art. 6 Abs. 1 S. 1 Buchstabe f) DSGVO (Berechtigtes Interesse an der Datenverarbeitung). Das berechtigte Interesse ergibt sich aus unserem Bedarf Ihnen eine funktionierende Webseite anbieten zu k\u00f6nnen. Cookies sind dazu erforderlich, weil sie ein integraler Bestandteil der aktuellen Internet-Technologie sind und ohne Cookies viele Funktionen aktueller Webseiten nicht zur Verf\u00fcgung st\u00fcnden. Wir ben\u00f6tigen daher Cookies, um Ihnen die Webseite auf Ihre Anfrage zur Verf\u00fcgung stellen zu k\u00f6nnen.<br>Der Verarbeitung Ihrer Daten auf Grundlage unseres berechtigten Interesses k\u00f6nnen Sie jederzeit unter den Voraussetzungen des Art. 21 DSGVO widersprechen. Nutzen Sie hierf\u00fcr bitte die im Impressum genannten Kontaktdaten.<br>Wir weisen aber darauf hin, dass die Verarbeitung Ihrer Daten in bestimmten Cookies zwingend im Sinne des Art. 21 Abs. 1 DSGVO ist, da die Webseite ansonsten \u00fcberhaupt nicht betrieben werden kann und wir technisch nicht die M\u00f6glichkeit haben, das Setzen von Cookies auf bestimmten individuellen Endger\u00e4ten zu unterbinden. Sie k\u00f6nnen das in Ihrem Browser aber m\u00f6glicherweise selbst tun. Werfen Sie f\u00fcr weitere Informationen hierzu bitte einen Blick in die Anleitung Ihres Browsers.<\/p>\n<!-- \/wp:paragraph -->\n\n<!-- wp:paragraph -->\n<p>Die Rechtsgrundlage f\u00fcr die Nutzung von Cookies, die f\u00fcr die Funktion der Webseite nicht zwingend erforderlich sind, ist Art. 6 Abs. 1 S. 1 Buchstabe a) DSGVO (Einwilligung des Betroffenen). Wir bitten Sie beim ersten Aufruf der Webseite \u00fcber einen eingeblendeten Hinweistext um Ihr Einverst\u00e4ndnis zur Verwendung von nicht notwendigen Cookies. Ihre Einwilligung k\u00f6nnen Sie jederzeit mit Wirkung f\u00fcr die Zukunft widerrufen, indem Sie im Footer unter \u201eCookies\u201c Ihre Einstellungen \u00e4ndern oder in Ihrem Browser alle Cookies l\u00f6schen. Wie dies in Ihrem Browser funktioniert, k\u00f6nnen Sie der Anleitung des Browsers entnehmen.<\/p>\n<!-- \/wp:paragraph -->\n\n<!-- wp:heading {\"level\":3} -->\n<h3>Newsletter<\/h3>\n<!-- \/wp:heading -->\n\n<!-- wp:paragraph -->\n<p>Wir bieten Ihnen an, Sie regelm\u00e4\u00dfig \u00fcber unseren Newsletter auf dem Laufenden zu halten und Sie \u00fcber besondere Angebote zu informieren. Um sich f\u00fcr den Newsletter anzumelden, k\u00f6nnen Sie Ihre Email-Adresse in unsere Verteilerliste eintragen. Sie m\u00fcssen die Anmeldung dann nochmals best\u00e4tigen (Double-Opt-In-Verfahren). Wir nutzen die von Ihnen an uns \u00fcbermittelten Daten lediglich im Rahmen des Newsletter-Versands und geben diese nicht zu anderen Zwecken an Dritte weiter. Unser Newsletter verwendet sogenannte Web-Beacons oder Z\u00e4hlpixel zur Analyse Ihres Leseverhaltens. Z\u00e4hlpixel sind extrem kleine Bilddateien, welche in die Newsletter-E-Mail integriert werden und so eine Logdatei-Aufzeichnung sowie eine Logdatei-Analyse erlauben. Wenn Sie die Newsletter-Email \u00f6ffnen, so wird der Z\u00e4hlpixel vom Server des Newsletterdienstes geladen und gleichzeitig einige Informationen \u00fcber Sie \u00fcbermittelt, wie z.B. ob die E-Mail ge\u00f6ffnet wurde, den Zeitpunkt des Aufrufs sowie die dazugeh\u00f6rige IP-Adresse. Dar\u00fcber hinaus k\u00f6nnen Links in der E-Mail dar\u00fcber Aufschluss geben, welche Produkte interessanter \u2013 also h\u00e4ufiger geklickt wurden als andere \u2013 sind. Sowohl der jeweilige Web-Beacon\/Z\u00e4hlpixel, als auch die Links in der Email lassen sich der f\u00fcr den Versand verwendeten E-Mail-Adresse eindeutig zuzuweisen und lassen damit einen R\u00fcckschluss auf den jeweiligen Newsletterempf\u00e4nger zu. Die Rechtsgrundlage f\u00fcr die Nutzung Ihrer Email-Adresse ist Art. 6 Abs. 1 S. 1 Buchstabe a) DSGVO (Einwilligung der betroffenen Person). Ihre Einwilligung k\u00f6nnen Sie jederzeit mit Wirkung f\u00fcr die Zukunft widerrufen. Nutzen Sie hierf\u00fcr bitte den Link in jeder Newsletter-Email oder kontaktieren Sie uns \u00fcber die im Impressum genannten Kontaktdaten.<\/p>\n<!-- \/wp:paragraph -->\n\n<!-- wp:heading -->\n<h2>Social-Media-Fanseiten<\/h2>\n<!-- \/wp:heading -->\n\n<!-- wp:paragraph -->\n<p>Zus\u00e4tzlich zu unserer Webseite unterhalten wir Onlinepr\u00e4senzen auf sozialen Plattformen, um mit den dort aktiven Kunden, Interessenten und Nutzern kommunizieren und sie dort \u00fcber unsere Leistungen informieren zu k\u00f6nnen.<\/p>\n<!-- \/wp:paragraph -->\n\n<!-- wp:paragraph -->\n<p>Wenn Sie unsere Pr\u00e4senz auf einer sozialen Plattform besuchen, werden Ihre Daten im Regelfall f\u00fcr unsere Marktforschungs- und Werbezwecke von dem jeweiligen Anbieter der Plattform verarbeitet. Der Anbieter kann die Daten auch f\u00fcr eigene Zwecke verarbeiten. Aus Ihrem Nutzungsverhalten und Ihrer sich daraus ergebenden Interessen k\u00f6nnen Nutzungsprofile erstellt werden. Diese Nutzungsprofile k\u00f6nnen wiederum verwendet werden, um z.B. Werbeanzeigen innerhalb und au\u00dferhalb der Plattformen zu schalten, die mutma\u00dflich Ihren Interessen entsprechen. Zu diesen Zwecken werden im Regelfall Cookies (siehe oben) auf Ihrem Endger\u00e4t gespeichert, in denen Ihr Nutzungsverhalten und Ihre Interessen gespeichert werden. Insbesondere wenn Sie Mitglied der jeweiligen Plattformen sind und bei diesen eingeloggt sind, k\u00f6nnen in den Nutzungsprofilen noch zus\u00e4tzliche Daten unabh\u00e4ngig gespeichert werden. F\u00fcr eine detaillierte Darstellung der jeweiligen Datenverarbeitung und der Widerspruchsm\u00f6glichkeiten, verweisen wir auf die nachfolgend verlinkten Angaben der Anbieter, da nur diese die genauen Abl\u00e4ufe ihrer Datenverarbeitung kennen.<\/p>\n<!-- \/wp:paragraph -->\n\n<!-- wp:paragraph -->\n<p>Wir weisen darauf hin, dass Ihre Daten auch au\u00dferhalb der Europ\u00e4ischen Union verarbeitet werden k\u00f6nnen. Hierdurch k\u00f6nnen sich Risiken ergeben, weil so z.B. die Durchsetzung Ihrer Rechte erschwert werden k\u00f6nnte.<\/p>\n<!-- \/wp:paragraph -->\n\n<!-- wp:paragraph -->\n<p>Die Rechtsgrundlage f\u00fcr die Nutzung der Onlinepr\u00e4senzen und der damit verbundenen Datenverarbeitung ist im Allgemeinen Art. 6 Abs. 1 S. 1 Buchstabe f) DSGVO (Berechtigtes Interesse an der Datenverarbeitung). Das berechtigte Interesse ergibt sich aus unserem Bedarf, uns den Besuchern und Nutzern der sozialen Netzwerke zu pr\u00e4sentieren und \u00c4u\u00dferungen aller Art in den Medien- und Meinungsmarkt einzubringen. Der Verarbeitung Ihrer Daten auf Grundlage unseres berechtigten Interesses k\u00f6nnen Sie jederzeit unter den Voraussetzungen des Art. 21 DSGVO widersprechen. Nutzen Sie hierf\u00fcr bitte die im Impressum genannten Kontaktdaten.<br>Die Nutzung von statistischen Daten aller Besucher unserer Social-Media-Webpr\u00e4senzen, die f\u00fcr uns von den jeweiligen Seitenbetreibern erhoben, aufbereitet und zur Verf\u00fcgung gestellt werden, beruht auf Art. 6 Abs. 1 S. 1 Buchstabe f) DSGVO (Berechtigtes Interesse an der Datenverarbeitung). Das berechtigte Interesse ergibt sich aus unserem Bedarf an einer anonymen Auswertung des Besuchs- und Nutzungsverhaltens auf unseren Webpr\u00e4senzen zur nutzungsorientierten Verbesserung der Gestaltung unseres Online-Angebots und der Optimierung unserer Kommunikation mit Interessenten. Der Verarbeitung Ihrer Daten auf Grundlage unseres berechtigten Interesses k\u00f6nnen Sie jederzeit unter den Voraussetzungen des Art. 21 DSGVO widersprechen. Nutzen Sie hierf\u00fcr bitte die im Impressum genannten Kontaktdaten.<br>Falls Sie von den jeweiligen Anbietern um eine Einwilligung in die Datenverarbeitung gebeten werden, ist die Rechtsgrundlage f\u00fcr die Verarbeitung Art. 6 Abs. 1 S. 1 Buchstabe a) DSGVO (Einwilligung der betroffenen Person). Diese Einwilligung k\u00f6nnen Sie jederzeit mit Wirkung f\u00fcr die Zukunft widerrufen. Kontaktieren Sie hierf\u00fcr bitte den Anbieter, der Sie um Ihre Einwilligung gebeten hat.<\/p>\n<!-- \/wp:paragraph -->\n\n<!-- wp:paragraph -->\n<p>F\u00fcr den Fall, dass Sie Ihre oben genannten Rechte geltend machen wollen, weisen wir darauf hin, dass diese trotz eventueller gemeinsamer Verantwortlichkeit am effektivsten bei den Anbietern geltend gemacht werden k\u00f6nnen. In der Regel haben nur die Anbieter unmittelbaren Zugriff auf Ihre Daten und k\u00f6nnen direkt entsprechende Ma\u00dfnahmen ergreifen und Ausk\u00fcnfte geben. Sollten Sie dennoch Hilfe ben\u00f6tigen, dann k\u00f6nnen Sie sich an uns wenden und wir werden Sie jederzeit im Rahmen unserer M\u00f6glichkeiten unterst\u00fctzen.<\/p>\n<!-- \/wp:paragraph -->\n\n<!-- wp:paragraph -->\n<p>Wir sind vertreten auf:<\/p>\n<!-- \/wp:paragraph -->\n\n<!-- wp:heading {\"level\":3} -->\n<h3>Facebook<\/h3>\n<!-- \/wp:heading -->\n\n<!-- wp:paragraph -->\n<p>Facebook ist ein soziales Netzwerk der Facebook Ireland Ltd., 4 Grand Canal Square, Grand Canal Harbour, Dublin 2, Irland. Die Firma Facebook Ireland Ltd. ist die europ\u00e4ische Tochter der Firma Facebook Inc., 1601 Willow Road, Menlo Park, California 94025, USA.<br>Weitere Informationen zum Datenschutz bei Facebook finden Sie unter:&nbsp;<a href=\"https:\/\/nam12.safelinks.protection.outlook.com\/?url=https%3A%2F%2Fwww.facebook.com%2Fabout%2Fprivacy%2F&amp;data=04%7C01%7C%7C4b2ac5c1f8cb4676c8aa08da044d1464%7C84df9e7fe9f640afb435aaaaaaaaaaaa%7C1%7C0%7C637827026415738650%7CUnknown%7CTWFpbGZsb3d8eyJWIjoiMC4wLjAwMDAiLCJQIjoiV2luMzIiLCJBTiI6Ik1haWwiLCJXVCI6Mn0%3D%7C3000&amp;sdata=7QBvXPq8auUf0xn3HReCg6Kw2cbqp3TIzXJS8AMSj1g%3D&amp;reserved=0\" target=\"_blank\" rel=\"noreferrer noopener\">https:\/\/www.facebook.com\/about\/privacy\/<\/a>. \u00dcber unsere eigene Datenverarbeitung informieren wir Sie in dieser Erkl\u00e4rung.<br>Wir haben mit Facebook im Rahmen unseres Nutzungsvertrages eine Zusatzvereinbarung geschlossen, die die Verantwortlichkeit f\u00fcr die Datenverarbeitung im Hinblick auf die Seiten-Insights-Funktion nach Art. 26 DSGVO regelt. Die Einzelheiten der Vereinbarung sind hier zu finden:&nbsp;<a href=\"https:\/\/nam12.safelinks.protection.outlook.com\/?url=https%3A%2F%2Fwww.facebook.com%2Flegal%2Fterms%2Fpage_controller_addendum&amp;data=04%7C01%7C%7C4b2ac5c1f8cb4676c8aa08da044d1464%7C84df9e7fe9f640afb435aaaaaaaaaaaa%7C1%7C0%7C637827026415738650%7CUnknown%7CTWFpbGZsb3d8eyJWIjoiMC4wLjAwMDAiLCJQIjoiV2luMzIiLCJBTiI6Ik1haWwiLCJXVCI6Mn0%3D%7C3000&amp;sdata=sQzfAl9NcOuu6MPpsWsJYfq7XtCruQnLK59fZ8P1zuU%3D&amp;reserved=0\" target=\"_blank\" rel=\"noreferrer noopener\">https:\/\/www.facebook.com\/legal\/terms\/page_controller_addendum<\/a>.<br>Facebook hat sich darin unter anderem verpflichtet, Sie \u00fcber die Datenverarbeitung im Rahmen der Seiten-Insights-Funktion zu informieren. Diese Informationen finden Sie hier:&nbsp;<a href=\"https:\/\/nam12.safelinks.protection.outlook.com\/?url=https%3A%2F%2Fwww.facebook.com%2Flegal%2Fterms%2Finformation_about_page_insights_data&amp;data=04%7C01%7C%7C4b2ac5c1f8cb4676c8aa08da044d1464%7C84df9e7fe9f640afb435aaaaaaaaaaaa%7C1%7C0%7C637827026415738650%7CUnknown%7CTWFpbGZsb3d8eyJWIjoiMC4wLjAwMDAiLCJQIjoiV2luMzIiLCJBTiI6Ik1haWwiLCJXVCI6Mn0%3D%7C3000&amp;sdata=iaTupMEjV2oy%2BxjEFYNVF2vBjU0wi5vJd7CcBB2rKjk%3D&amp;reserved=0\" target=\"_blank\" rel=\"noreferrer noopener\">https:\/\/www.facebook.com\/legal\/terms\/information_about_page_insights_data<\/a>.<\/p>\n<!-- \/wp:paragraph -->\n\n<!-- wp:heading {\"level\":3} -->\n<h3>LinkedIn<\/h3>\n<!-- \/wp:heading -->\n\n<!-- wp:paragraph -->\n<p>LinkedIn ist ein berufliches Netzwerk der LinkedIn Ireland Unlimited Company, Wilton Place, Dublin 2, Irland. Diese Firma vertritt in der EU die LinkedIn Corporation, 1000 W. Maude Ave., Sunnyvale, California 94085, USA.<br>Weitere Informationen zum Datenschutz bei LinkedIn finden Sie unter:&nbsp;<a href=\"https:\/\/nam12.safelinks.protection.outlook.com\/?url=https%3A%2F%2Fwww.linkedin.com%2Flegal%2Fprivacy-policy&amp;data=04%7C01%7C%7C4b2ac5c1f8cb4676c8aa08da044d1464%7C84df9e7fe9f640afb435aaaaaaaaaaaa%7C1%7C0%7C637827026415738650%7CUnknown%7CTWFpbGZsb3d8eyJWIjoiMC4wLjAwMDAiLCJQIjoiV2luMzIiLCJBTiI6Ik1haWwiLCJXVCI6Mn0%3D%7C3000&amp;sdata=kXvAb93bL7q%2Fa3aaN0ixFNUMJ5upE8cKv7ETiahC1xs%3D&amp;reserved=0\" target=\"_blank\" rel=\"noreferrer noopener\">https:\/\/www.linkedin.com\/legal\/privacy-policy<\/a>.<br>Die Datenerhebung von LinkedIn k\u00f6nnen Sie auf der folgenden Seite konfigurieren:&nbsp;<a href=\"https:\/\/nam12.safelinks.protection.outlook.com\/?url=https%3A%2F%2Fwww.linkedin.com%2Fpsettings%2Fguest-controls%2F&amp;data=04%7C01%7C%7C4b2ac5c1f8cb4676c8aa08da044d1464%7C84df9e7fe9f640afb435aaaaaaaaaaaa%7C1%7C0%7C637827026415738650%7CUnknown%7CTWFpbGZsb3d8eyJWIjoiMC4wLjAwMDAiLCJQIjoiV2luMzIiLCJBTiI6Ik1haWwiLCJXVCI6Mn0%3D%7C3000&amp;sdata=pZjyTspPXhay%2B5v%2BfIRdqWy3vFzDxXZIGt%2BHCEZaLl0%3D&amp;reserved=0\" target=\"_blank\" rel=\"noreferrer noopener\">https:\/\/www.linkedin.com\/psettings\/guest-controls\/<\/a>.<\/p>\n<!-- \/wp:paragraph -->\n\n<!-- wp:heading {\"level\":3} -->\n<h3>XING<\/h3>\n<!-- \/wp:heading -->\n\n<!-- wp:paragraph -->\n<p>XING ist ein berufliches Netzwerk der XING AG, Dammtorstra\u00dfe 29-32, 20354 Hamburg, Deutschland. Weitere Informationen zum Datenschutz bei Xing finden Sie unter:&nbsp;<a href=\"https:\/\/nam12.safelinks.protection.outlook.com\/?url=https%3A%2F%2Fprivacy.xing.com%2Fde%2Fdatenschutzerklaerung&amp;data=04%7C01%7C%7C4b2ac5c1f8cb4676c8aa08da044d1464%7C84df9e7fe9f640afb435aaaaaaaaaaaa%7C1%7C0%7C637827026415738650%7CUnknown%7CTWFpbGZsb3d8eyJWIjoiMC4wLjAwMDAiLCJQIjoiV2luMzIiLCJBTiI6Ik1haWwiLCJXVCI6Mn0%3D%7C3000&amp;sdata=AQLoVBVGwH%2F8o5AtnIQRxluaesvXMA3Sx38yGGhSU1c%3D&amp;reserved=0\" target=\"_blank\" rel=\"noreferrer noopener\">https:\/\/privacy.xing.com\/de\/datenschutzerklaerung<\/a>.<\/p>\n<!-- \/wp:paragraph -->\n\n<!-- wp:heading -->\n<h2>Dienste Dritter<\/h2>\n<!-- \/wp:heading -->\n\n<!-- wp:paragraph -->\n<p>Wir nutzen, zur Vereinfachung unserer Datenverarbeitung und um den Funktionsumfang unserer Webseite zu erweitern, Dienstleistungen\/Ressourcen von Dritten, beispielsweise Plugins, externe Inhalte, Software oder sonstige externe Dienstleister (Dienste). Dabei werden m\u00f6glicherweise auch personenbezogene Daten an den Diensteanbieter \u00fcbermittelt. Um Ihre Daten zu sch\u00fctzen, haben wir die Diensteanbieter erforderlichenfalls gem. Art. 28 DSGVO vertraglich verpflichtet, Ihre Daten nur nach unserer Anweisung zu verarbeiten.<br>Wir weisen ausdr\u00fccklich darauf hin, dass wir regelm\u00e4\u00dfig nur f\u00fcr die Datenerhebung und \u00dcbermittlung durch den Dienst verantwortlich im Sinne der DSGVO sind, nicht aber f\u00fcr eine eventuell sp\u00e4ter erfolgende Verarbeitung durch den jeweiligen Diensteanbieter.<br>Im Einzelnen nutzen wir folgende Dienste:<\/p>\n<!-- \/wp:paragraph -->\n\n<!-- wp:heading {\"level\":3} -->\n<h3>Google-Dienste<\/h3>\n<!-- \/wp:heading -->\n\n<!-- wp:paragraph -->\n<p>Unsere Webseite verwendet folgende Dienste der Firma Google Ireland Limited (\u201eGoogle EU\u201c), Gordon House, Barrow Street, Dublin 4, Irland. Diese Firma vertritt in der EU die Firma Google LLC (\u201eGoogle US\u201c), 1600 Amphitheatre Parkway Mountain View, CA 94043, USA.<br>Durch die Nutzung der Dienste werden Daten an Google EU und unter Umst\u00e4nden von Google EU an Google US \u00fcbermittelt. Der Google-Konzern kann die \u00fcbermittelten Daten verarbeiten, um anonymisierte Nutzerprofile f\u00fcr statistische Zwecke zu erstellen. Wenn Sie dar\u00fcber hinaus \u00fcber ein Google-Konto verf\u00fcgen und in diesem eingeloggt sind, kann Google die \u00fcbermittelten Daten Ihrem Konto zuordnen \u2013 auch ger\u00e4te\u00fcbergreifend. Auf diese Datenverarbeitung haben wir grunds\u00e4tzlich keinen Einfluss. Verantwortlich f\u00fcr diese Datenverarbeitung ist daher Google EU.<br>Wir haben mit Google einen Vertrag unter Einbeziehung der Standardvertragsklauseln geschlossen. Bitte beachten Sie aber die Hinweise unter Daten\u00fcbermittlung an Drittstaaten au\u00dferhalb der EU.<br>Mehr Informationen zum Umgang mit Nutzerdaten finden Sie in der Datenschutzerkl\u00e4rung von Google:&nbsp;<a href=\"https:\/\/nam12.safelinks.protection.outlook.com\/?url=https%3A%2F%2Fpolicies.google.com%2Fprivacy&amp;data=04%7C01%7C%7C4b2ac5c1f8cb4676c8aa08da044d1464%7C84df9e7fe9f640afb435aaaaaaaaaaaa%7C1%7C0%7C637827026415738650%7CUnknown%7CTWFpbGZsb3d8eyJWIjoiMC4wLjAwMDAiLCJQIjoiV2luMzIiLCJBTiI6Ik1haWwiLCJXVCI6Mn0%3D%7C3000&amp;sdata=vFAU0oS%2BkNJNMlxN4%2B%2FN1SUcQY2E8guxhoc8l59CCnc%3D&amp;reserved=0\" target=\"_blank\" rel=\"noreferrer noopener\">https:\/\/policies.google.com\/privacy<\/a>. Die Einzelheiten zu den Standardvertragsklauseln (Gew\u00e4hrleistung des Datenschutzniveaus in Drittl\u00e4ndern) finden Sie hier:&nbsp;<a href=\"https:\/\/nam12.safelinks.protection.outlook.com\/?url=https%3A%2F%2Fsupport.google.com%2Fadspolicy%2Fanswer%2F10042247%3Fhl%3Dde&amp;data=04%7C01%7C%7C4b2ac5c1f8cb4676c8aa08da044d1464%7C84df9e7fe9f640afb435aaaaaaaaaaaa%7C1%7C0%7C637827026415738650%7CUnknown%7CTWFpbGZsb3d8eyJWIjoiMC4wLjAwMDAiLCJQIjoiV2luMzIiLCJBTiI6Ik1haWwiLCJXVCI6Mn0%3D%7C3000&amp;sdata=lc9QAcbv3evYvagf6xrBJdWrVUl1TyvYU1tyG5bhO6I%3D&amp;reserved=0\" target=\"_blank\" rel=\"noreferrer noopener\">https:\/\/support.google.com\/adspolicy\/answer\/10042247?hl=de<\/a>. Ihre Google-Werbeeinstellungen k\u00f6nnen Sie auf der folgenden Webseite verwalten:&nbsp;<a href=\"https:\/\/nam12.safelinks.protection.outlook.com\/?url=https%3A%2F%2Fadssettings.google.com%2F%3Fhl%3Dde&amp;data=04%7C01%7C%7C4b2ac5c1f8cb4676c8aa08da044d1464%7C84df9e7fe9f640afb435aaaaaaaaaaaa%7C1%7C0%7C637827026415893767%7CUnknown%7CTWFpbGZsb3d8eyJWIjoiMC4wLjAwMDAiLCJQIjoiV2luMzIiLCJBTiI6Ik1haWwiLCJXVCI6Mn0%3D%7C3000&amp;sdata=RmH9b7fE8g3xn4%2Bi5%2FNBgbbrCbmojFRuxSWl4XnGOUQ%3D&amp;reserved=0\" target=\"_blank\" rel=\"noreferrer noopener\">https:\/\/adssettings.google.com\/?hl=de<\/a>&nbsp;(Diese Einstellung wird gel\u00f6scht, wenn Sie Ihre Cookies l\u00f6schen).<br><br>Wir verwenden:<\/p>\n<!-- \/wp:paragraph -->\n\n<!-- wp:heading {\"level\":4} -->\n<h4>Google Maps<\/h4>\n<!-- \/wp:heading -->\n\n<!-- wp:paragraph -->\n<p>Unsere Webseite nutzt den externen Kartendienst \u201eGoogle Maps\u201c von Google. Google Maps dient dazu, eine interaktive Karte auf unserer Webseite anzubieten, die Ihnen zeigt, wie Sie uns finden und erreichen k\u00f6nnen. Dieser Dienst erm\u00f6glicht es uns, unsere Webseite ansprechend darzustellen, indem Kartenmaterial von einem externen Server geladen wird. Die ben\u00f6tigten Daten werden in der Regel von einem Server von Google in den USA angefordert. Durch diese Anforderung werden unter anderem folgende Informationen an einen Server von Google \u00fcbermittelt und dort gespeichert: Ihre IP-Adresse, Produkt- und Versionsinformationen \u00fcber den verwendeten Browser und das Betriebssystem (sog. user agent), die Internetseite, von welcher Ihr Zugriff stattfand (sog. Referer), Datum und Uhrzeit der Anfrage und u.U. Ihr Internet-Service-Provider. Durch den Dienst werden Cookies (siehe oben unter \u201eCookies\u201c) auf Ihrem Endger\u00e4t gespeichert und ausgewertet.<\/p>\n<!-- \/wp:paragraph -->\n\n<!-- wp:paragraph -->\n<p>Weitere Informationen hierzu finden Sie unter dem Abschnitt Mediendienste.<\/p>\n<!-- \/wp:paragraph -->\n\n<!-- wp:heading {\"level\":4} -->\n<h4>Youtube<\/h4>\n<!-- \/wp:heading -->\n\n<!-- wp:paragraph -->\n<p>Unsere Webseite nutzt den Videodienst \u201eYouTube\u201c von Google. YouTube dient dazu, an verschiedenen Stellen Videos in unsere Webseite einzubinden. Durch die Wiedergabe von Videos werden in der Regel folgende Informationen an einen Server von Google in den USA \u00fcbertragen und dort mehrere Monate gespeichert: Ihre IP-Adresse, Produkt- und Versionsinformationen \u00fcber den verwendeten Browser und das Betriebssystem (sog. user agent), die Internetseite, von welcher Ihr Zugriff stattfand (sog. Referer), Datum und Uhrzeit der Anfrage und u.U. Ihr Internet-Service-Provider. YouTube verwendet diese Daten unter anderem zur Erfassung von Statistiken und zur Verbesserung des Dienstes.<\/p>\n<!-- \/wp:paragraph -->\n\n<!-- wp:paragraph -->\n<p>Weitere Informationen hierzu finden Sie unter dem Abschnitt Mediendienste.<\/p>\n<!-- \/wp:paragraph -->\n\n<!-- wp:heading {\"level\":3} -->\n<h3>Analyse-Tools<\/h3>\n<!-- \/wp:heading -->\n\n<!-- wp:paragraph -->\n<p>Wir nutzen bestimmte Dienste, die Daten von Webseitenbesuchern aufzeichnen und uns zur Analyse zur Verf\u00fcgung stellen. Diese Daten nutzen wir zur nutzungsorientierten Verbesserung unserer Webseite, unserer Dienstleistungen und Angebote. Insbesondere k\u00f6nnen folgende Informationen zum Besucherverhalten gesammelt werden: Ihre IP-Adresse, Produkt- und Versionsinformationen \u00fcber den verwendeten Browser und das Betriebssystem (sog. user agent), die Internetseite von welcher Ihr Zugriff stattfand (sog. Referer), Datum und Uhrzeit der Anfrage und u.U. Ihr Internet-Service-Provider, ungef\u00e4hre Herkunft (Land und Stadt), Sprache, Klicks auf Inhalte und Ansichtsdauer.<\/p>\n<!-- \/wp:paragraph -->\n\n<!-- wp:paragraph -->\n<p>Wir verwenden:<\/p>\n<!-- \/wp:paragraph -->\n\n<!-- wp:heading {\"level\":4} -->\n<h4>digidor GmbH<\/h4>\n<!-- \/wp:heading -->\n\n<!-- wp:paragraph -->\n<p>Diese Webseite verwendet einen Dienst der digidor GmbH, Teltower Damm 19, 14169 Berlin. Bei diesem Dienst handelt es sich um ein Webanalysetool zur Reichweitenmessung. Der Dienst erm\u00f6glicht es uns, Verweildauer, Klickverhalten und die Art und Weise des Zugriffs festzustellen. Es werden folgende Daten an den Server der digidor GmbH \u00fcbermittelt: Ihre IP-Adresse (gek\u00fcrzt um das letzte Oktett), Bildschirmaufl\u00f6sung, Browser, Betriebssystem, die Internetseite, von welcher Ihr Zugriff stattfand (sog. Referer), Zeitpunkte des Seitenaufrufs und die aufgerufene URL. Die erfassten Rohdaten werden nach 24 Stunden gel\u00f6scht. Eine Profilbildung erfolgt nicht. Wir haben mit der Anbieterin einen sog. Auftragsverarbeitungsvertrag geschlossen, um sicherzustellen, dass diese Ihre Daten nur nach unserer Anweisung verarbeitet. Mehr Informationen zum Umgang mit Nutzerdaten finden Sie in der Datenschutzerkl\u00e4rung der digidor GmbH:&nbsp;<a href=\"https:\/\/nam12.safelinks.protection.outlook.com\/?url=https%3A%2F%2Fwww.digidor.de%2Fdatenschutz.html&amp;data=04%7C01%7C%7C4b2ac5c1f8cb4676c8aa08da044d1464%7C84df9e7fe9f640afb435aaaaaaaaaaaa%7C1%7C0%7C637827026415893767%7CUnknown%7CTWFpbGZsb3d8eyJWIjoiMC4wLjAwMDAiLCJQIjoiV2luMzIiLCJBTiI6Ik1haWwiLCJXVCI6Mn0%3D%7C3000&amp;sdata=rX8YQWQ51TNlEVfPP3vjC0QElRkl5B9A0QxSiE0Ez0M%3D&amp;reserved=0\" target=\"_blank\" rel=\"noreferrer noopener\">https:\/\/www.digidor.de\/datenschutz.html<\/a>. Sie k\u00f6nnen die Erfassung Ihrer Daten durch den Dienst der digidor GmbH verhindern, indem Sie auf folgenden Link klicken. Es wird ein Opt-Out-Cookie gesetzt, der die Erfassung Ihrer Daten bei zuk\u00fcnftigen Besuchen dieser Website verhindert: [<a href=\"javascript:internalStatOptout();\">Analyse-Tool deaktivieren<\/a>]<\/p>\n<!-- \/wp:paragraph -->\n\n<!-- wp:paragraph -->\n<p>Die Rechtsgrundlage f\u00fcr die Verarbeitung Ihrer Daten in Bezug auf das Webanalysetool zur Reichweitenmessung ist Art. 6 Abs. 1 S. 1 Buchstabe f) DSGVO (Berechtigtes Interesse an der Datenverarbeitung). Das berechtigte Interesse ergibt sich aus unserem Bedarf an einer Auswertung von Nutzerdaten zur nutzungsorientierten Verbesserung der Gestaltung unseres Online-Angebots sowie zur Optimierung unserer Dienstleistungen und Angebote. Der Verarbeitung Ihrer Daten auf Grundlage unseres berechtigten Interesses k\u00f6nnen Sie jederzeit unter den Voraussetzungen des Art. 21 DSGVO widersprechen. Nutzen Sie hierf\u00fcr bitte die im Impressum genannten Kontaktdaten.<\/p>\n<!-- \/wp:paragraph -->\n\n<!-- wp:heading {\"level\":3} -->\n<h3>Mediendienste<\/h3>\n<!-- \/wp:heading -->\n\n<!-- wp:paragraph -->\n<p>Wir nutzen bestimmte Dienste, um unsere Webseite mit digitalen Inhalten zu f\u00fcllen und zu erg\u00e4nzen. Dazu nutzen wir in der Regel die Einbindungs-Funktionen von externen Plattformen. Hierdurch werden durch den Abruf der Inhalte vom Server des Anbieters Daten an diesen \u00fcbermittelt und dort in der Regel gespeichert, z.B. Ihre IP-Adresse, Produkt- und Versionsinformationen \u00fcber den verwendeten Browser und das Betriebssystem (sog. user agent), die Internetseite von welcher Ihr Zugriff stattfand (sog. Referer), Datum und Uhrzeit der Anfrage und u.U. Ihr Internet-Service-Provider. N\u00e4here Informationen hierzu siehe oben unter \u201eServer-Log-Dateien\u201c.<\/p>\n<!-- \/wp:paragraph -->\n\n<!-- wp:paragraph -->\n<p>Die Rechtsgrundlage f\u00fcr die Nutzung von Mediendiensten ist Art. 6 Abs. 1 S. 1 Buchstabe a) DSGVO (Einwilligung des Betroffenen). Wir bitten Sie beim ersten Aufruf der Webseite \u00fcber einen eingeblendeten Hinweistext um Ihr Einverst\u00e4ndnis zur Verwendung des Dienstes. Ihre Einwilligung k\u00f6nnen Sie jederzeit mit Wirkung f\u00fcr die Zukunft widerrufen, indem Sie im Footer unter \u201eCookies\u201c Ihre Einstellungen \u00e4ndern oder in Ihrem Browser alle Cookies l\u00f6schen. Wie dies in Ihrem Browser funktioniert, k\u00f6nnen Sie der Anleitung des Browsers entnehmen.<\/p>\n<!-- \/wp:paragraph -->\n\n<!-- wp:paragraph -->\n<p>Wir verwenden:<\/p>\n<!-- \/wp:paragraph -->\n\n<!-- wp:heading {\"level\":4} -->\n<h4>Google Maps<\/h4>\n<!-- \/wp:heading -->\n\n<!-- wp:paragraph -->\n<p>Unsere Webseite verwendet den Dienst \u201eGoogle Maps\u201c der Firma Google. Siehe dazu die Datenschutzhinweise oben.<\/p>\n<!-- \/wp:paragraph -->\n\n<!-- wp:heading {\"level\":4} -->\n<h4>Vimeo<\/h4>\n<!-- \/wp:heading -->\n\n<!-- wp:paragraph -->\n<p>Unsere Webseite nutzt den Videodienst \u201eVimeo\u201c von Vimeo Inc. (\u201eVimeo\u201c), 555 West 18th Street, New York, New York 10011, USA. Vimeo dient dazu, an verschiedenen Stellen Videos in unsere Webseite einzubinden. Wenn Sie unsere Webseite aufrufen, die mit einem Vimeo-Plugin versehen ist, wird eine Verbindung zu den Servern von Vimeo hergestellt. Dabei werden Informationen, z.B. Ihre IP-Adresse, Produkt- und Versionsinformationen \u00fcber den verwendeten Browser und das Betriebssystem (sog. user agent), die Internetseite von welcher Ihr Zugriff stattfand (sog. Referer), Datum und Uhrzeit der Anfrage und u.U. Ihr Internet-Service-Provider, an Vimeo \u00fcbermittelt. Vimeo kann au\u00dferdem Ihre Interaktionen mit dem Plugin verfolgen. Sollten Sie ein Vimeo-Benutzerkonto besitzen und am selben Endger\u00e4t in dieses eingeloggt sein, wird der Besuch unserer Internetseite Ihrem Benutzerkonto zugeordnet. Wenn Sie dies vermeiden m\u00f6chten, k\u00f6nnen Sie sich vor Besuch unserer Internetseite aus Ihrem Benutzerkonto ausloggen und die von Vimeo gesetzten Cookies l\u00f6schen.<br>Sie k\u00f6nnen der Verwendung nicht notwendiger Cookies durch Vimeo widersprechen, indem Sie den Haken am Ende der folgenden Seite entfernen (Opt-Out):&nbsp;<a href=\"https:\/\/nam12.safelinks.protection.outlook.com\/?url=https%3A%2F%2Fvimeo.com%2Fcookie_policy&amp;data=04%7C01%7C%7C4b2ac5c1f8cb4676c8aa08da044d1464%7C84df9e7fe9f640afb435aaaaaaaaaaaa%7C1%7C0%7C637827026415893767%7CUnknown%7CTWFpbGZsb3d8eyJWIjoiMC4wLjAwMDAiLCJQIjoiV2luMzIiLCJBTiI6Ik1haWwiLCJXVCI6Mn0%3D%7C3000&amp;sdata=6NjoOo9ikUahfFLmy5yEOM3tyhFoAqmbh%2FYS5Ta8ViY%3D&amp;reserved=0\" target=\"_blank\" rel=\"noreferrer noopener\">https:\/\/vimeo.com\/cookie_policy<\/a>.<br>Mehr Informationen zum Umgang mit Nutzerdaten finden Sie in der Datenschutzerkl\u00e4rung von Vimeo unter&nbsp;<a href=\"https:\/\/nam12.safelinks.protection.outlook.com\/?url=https%3A%2F%2Fvimeo.com%2Fprivacy&amp;data=04%7C01%7C%7C4b2ac5c1f8cb4676c8aa08da044d1464%7C84df9e7fe9f640afb435aaaaaaaaaaaa%7C1%7C0%7C637827026415893767%7CUnknown%7CTWFpbGZsb3d8eyJWIjoiMC4wLjAwMDAiLCJQIjoiV2luMzIiLCJBTiI6Ik1haWwiLCJXVCI6Mn0%3D%7C3000&amp;sdata=%2F2nJoJhK5hXPQTLMEql0L3UVQzzz%2Fyswkkh4eJ44jo4%3D&amp;reserved=0\" target=\"_blank\" rel=\"noreferrer noopener\">https:\/\/vimeo.com\/privacy<\/a>.<\/p>\n<!-- \/wp:paragraph -->\n\n<!-- wp:heading {\"level\":4} -->\n<h4>Youtube<\/h4>\n<!-- \/wp:heading -->\n\n<!-- wp:paragraph {\"textColor\":\"black\"} -->\n<p class=\"has-black-color has-text-color\">Unsere Webseite verwendet den Dienst \u201eYoutube\u201c der Firma Google. Siehe dazu die Datenschutzhinweise oben.<\/p>\n<!-- \/wp:paragraph -->","_et_gb_content_width":"","footnotes":""},"class_list":["post-120","page","type-page","status-publish","hentry"],"_links":{"self":[{"href":"http:\/\/www.wiecki-immobilien.de\/index.php?rest_route=\/wp\/v2\/pages\/120","targetHints":{"allow":["GET"]}}],"collection":[{"href":"http:\/\/www.wiecki-immobilien.de\/index.php?rest_route=\/wp\/v2\/pages"}],"about":[{"href":"http:\/\/www.wiecki-immobilien.de\/index.php?rest_route=\/wp\/v2\/types\/page"}],"author":[{"embeddable":true,"href":"http:\/\/www.wiecki-immobilien.de\/index.php?rest_route=\/wp\/v2\/users\/1"}],"replies":[{"embeddable":true,"href":"http:\/\/www.wiecki-immobilien.de\/index.php?rest_route=%2Fwp%2Fv2%2Fcomments&post=120"}],"version-history":[{"count":6,"href":"http:\/\/www.wiecki-immobilien.de\/index.php?rest_route=\/wp\/v2\/pages\/120\/revisions"}],"predecessor-version":[{"id":135,"href":"http:\/\/www.wiecki-immobilien.de\/index.php?rest_route=\/wp\/v2\/pages\/120\/revisions\/135"}],"wp:attachment":[{"href":"http:\/\/www.wiecki-immobilien.de\/index.php?rest_route=%2Fwp%2Fv2%2Fmedia&parent=120"}],"curies":[{"name":"wp","href":"https:\/\/api.w.org\/{rel}","templated":true}]}}